{"id":43412,"date":"2026-01-26T14:57:21","date_gmt":"2026-01-26T13:57:21","guid":{"rendered":"https:\/\/www.digitalcameraschool.it\/home\/?post_type=product&#038;p=43412"},"modified":"2026-01-26T18:25:28","modified_gmt":"2026-01-26T17:25:28","slug":"tenerife-dal-12-al-18-giugno-viaggio-fotografico","status":"publish","type":"product","link":"https:\/\/www.digitalcameraschool.it\/home\/prodotto\/tenerife-dal-12-al-18-giugno-viaggio-fotografico\/","title":{"rendered":"TENERIFE <br> Dal 12 al 18 Giugno <br> Viaggio Fotografico"},"content":{"rendered":"<div class=\"o9v6fnle cxmmr5t8 oygrvhab hcukyx3x c1et5uql\">\n<h2 class=\"mainsummary\" style=\"text-align: left;\"><strong style=\"font-size: 16px;\">\u2705PRE-REQUISITI\u00a0<\/strong><\/h2>\n<\/div>\n<div class=\"o9v6fnle cxmmr5t8 oygrvhab hcukyx3x c1et5uql\" style=\"text-align: left;\">\n<p>L\u2019uscita \u00e8 aperta a tutti e si riesce ad apprezzare al meglio se si possiede almeno la conoscenza base di ISO-TEMPI-DIAFRAMMI.<\/p>\n<hr \/>\n<p><strong>\u2705COSA VEDREMO<\/strong><\/p>\n<div class=\"o9v6fnle cxmmr5t8 oygrvhab hcukyx3x c1et5uql\">Gestione della fotocamera<br \/>\nStudio della luce e dell\u2019esposizione<\/div>\n<div class=\"o9v6fnle cxmmr5t8 oygrvhab hcukyx3x c1et5uql\">\u2013 I pro e i contro dei vari formati del sensore (FF, APSC, micro 4:3,\u2026)<\/div>\n<div class=\"o9v6fnle cxmmr5t8 oygrvhab hcukyx3x c1et5uql\">\u2013 La scelta delle ottiche<\/div>\n<div class=\"o9v6fnle cxmmr5t8 oygrvhab hcukyx3x c1et5uql\">\u2013 Tecniche e regole di composizione<\/div>\n<div class=\"o9v6fnle cxmmr5t8 oygrvhab hcukyx3x c1et5uql\">\u2013 Analisi della prospettiva e punti di ripresa<\/div>\n<div class=\"o9v6fnle cxmmr5t8 oygrvhab hcukyx3x c1et5uql\">\u2013 Fotografare i dettagli del paesaggio<\/div>\n<div class=\"o9v6fnle cxmmr5t8 oygrvhab hcukyx3x c1et5uql\">\u2013 Composizione del colore e delle linee<\/div>\n<div class=\"o9v6fnle cxmmr5t8 oygrvhab hcukyx3x c1et5uql\">\u2013 Geometrie, linee cadenti e controllo della distorsione<\/div>\n<div class=\"o9v6fnle cxmmr5t8 oygrvhab hcukyx3x c1et5uql\">\u2013 Regolazioni di messa a fuoco e gestione degli ISO<\/div>\n<div class=\"o9v6fnle cxmmr5t8 oygrvhab hcukyx3x c1et5uql\">\u2013 Utilizzo dei filtri a densit\u00e0 neutra, polarizzatori e digradanti<\/div>\n<div class=\"o9v6fnle cxmmr5t8 oygrvhab hcukyx3x c1et5uql\">\u2013 Doppie esposizioni, HDR e metodi di fusione del RAW<\/div>\n<div class=\"o9v6fnle cxmmr5t8 oygrvhab hcukyx3x c1et5uql\">\u2013 L\u2019importanza dell\u2019iperfocale nella fotografi a paesaggistica<\/div>\n<div class=\"o9v6fnle cxmmr5t8 oygrvhab hcukyx3x c1et5uql\">\u2013 La tecnica del focus stacking per ottimizzare la profondit\u00e0 di campo e la nitidezza<\/div>\n<div class=\"o9v6fnle cxmmr5t8 oygrvhab hcukyx3x c1et5uql\">\u2013 Il paesaggio al tramonto, all\u2019ora d\u2019oro e all\u2019ora blu<\/div>\n<div class=\"o9v6fnle cxmmr5t8 oygrvhab hcukyx3x c1et5uql\">\u2013 Fotografi a notturna<\/div>\n<div><\/div>\n<\/div>\n<div style=\"text-align: left;\">\n<p><strong>\u2705 Cosa riceverai o potrai provare<\/strong><\/p>\n<\/div>\n<div style=\"text-align: left;\">\n<ul>\n<li style=\"list-style-type: none;\">\n<ul>\n<li>Filtri ND<\/li>\n<li>Kit di benvenuto (Biro e quaderno per gli appunti, portabadg)<\/li>\n<li>Video relativo alla post-produzione per Lightroom e Camera Raw<\/li>\n<li>Dispense digitali interattive che riceverai al momento del saldo della quota tramite mail.<b>\u00a0<\/b><\/li>\n<\/ul>\n<\/li>\n<\/ul>\n<\/div>\n<div style=\"text-align: left;\"><\/div>\n<div class=\"o9v6fnle cxmmr5t8 oygrvhab hcukyx3x c1et5uql\" style=\"text-align: left;\">\n<hr \/>\n<p><strong>\u2705PROGRAMMA INDICATIVO<\/strong><\/p>\n<\/div>\n<p>OPERATIVO VOLI EASYJET<br \/>\n12\/06 MILANO MALPENSA \u2013 TENERIFE SUD 14.50-18.30<br \/>\n18\/06 TENERIFE SUD \u2013 MILANO MALPENSA 17.40-22.55<\/p>\n<div style=\"text-align: left;\">\n<blockquote>\n<div>\n<div class=\"gmail_quote\">\n<blockquote class=\"gmail_quote\">\n<div>\n<div>\n<div>\n<p>Giorno 1 \u2013 Benvenuti a Tenerife<br \/>\nCamminata stimata: 1\u20132 km<br \/>\nDifficolt\u00e0 fisica: bassa, altitudine 2100 m<\/p>\n<p>\uf0b7 Arrivo a Tenerife Sud: Incontro con i partecipanti all\u2019aeroporto di Milano Malpensa, Arrivati a<br \/>\nTenerife Sud disbrigo noleggio Van e check-in in un hotel scelto sul Teide (Parador de Las Canadas),<br \/>\ndove potremo rilassarci dopo il viaggio e prepararci per l&amp;#39;avventura fotografica.<br \/>\n\uf0b7 Briefing iniziale: Dopo esserci sistemati, ci sar\u00e0 un briefing dove ripasseremo l\u2019itinerario del<br \/>\nworkshop e le condizioni climatiche. Sar\u00e0 anche l\u2019occasione per conoscersi meglio e condividere le<br \/>\naspettative.<br \/>\n\uf0b7 Passeggiata libera al tramonto: A seconda dell\u2019orario di arrivo, potremmo fare una breve<br \/>\npasseggiata fotografica nei dintorni dell\u2019hotel, cogliendo il primo tramonto sull\u2019isola.<br \/>\n\uf0b7 Sessione notturna sul Teide: Sessione notturna alle Roques de Garc\u00eda<\/p>\n<p>Giorno 2 \u2013 L\u2019epica giornata sul Teide<br \/>\nCamminata: 4\u20136 km totali spezzati<br \/>\nDifficolt\u00e0 fisica: media (quota + camminate su sabbia vulcanica)<br \/>\nIntera giornata al Parco Nazionale del Teide: Ci sveglieremo sul vulcano Teide, il punto pi\u00f9 alto<br \/>\ndella Spagna. Qui ci aspetta una giornata piena di scatti paesaggistici. In questo scenario surreale,<br \/>\nesploreremo formazioni rocciose e contrasti di luce unici. Il paesaggio offre molteplici opportunit\u00e0<br \/>\ncreative, dalle panoramiche alle macrofotografie di dettagli vulcanici.<br \/>\nLa luce mattutina a Los Roques de Garc\u00eda, una delle formazioni pi\u00f9 emblematiche del parco, \u00e8<br \/>\nperfetta per giochi di ombre e composizioni con linee naturali.<br \/>\n\uf0b7 Pausa pranzo al sacco in mezzo a questo incredibile scenario.<br \/>\n\uf0b7 Visita allo Ca\u00f1ada Blanca Visitor Center<br \/>\n\uf0b7 Tramonto con vista sul Teide Over the Clouds<br \/>\n\uf0b7 Cena al sacco<br \/>\n\uf0b7 Sessione notturna sul Teide: Dopo una cena leggera, torneremo verso l&amp;#39;osservatorio per<br \/>\nimmortalare la Via Lattea. Il cielo qui \u00e8 tra i pi\u00f9 limpidi d\u2019Europa e offre una visibilit\u00e0 stellare senza<br \/>\npari. Potrete infatti ammirare la via lattea a occhio nudo come non vi era mai capitato. Sar\u00e0<br \/>\nl\u2019occasione perfetta per sperimentare lunghe esposizioni e la tecnica della fotografia notturna.<br \/>\nGrazie alla scarsa umidit\u00e0 e al basso inquinamento luminoso, la qualit\u00e0 delle stelle catturate sul<br \/>\nTeide sar\u00e0 stupefacente.<\/p>\n<p>Giorno 3 \u2013 Il Villaggio di Masca e Ritorno al Teide<br \/>\nCamminata: 3 km Masca + 2 km arco = 5 km totali<br \/>\nDifficolt\u00e0: media (il caldo nel pomeriggio pu\u00f2 essere intenso).<br \/>\n\uf0b7 Mattina: Visita al Villaggio di Masca, che sembra essere uscito da un quadro, incastonato<br \/>\ntra gole montuose verdissime. Qui cattureremo la bellezza del paesaggio.<br \/>\n\uf0b7 Pomeriggio: Ritorno verso il Parco Nazionale del Teide dove faremo una sessione di scatti<br \/>\nal tramonto (arco)<br \/>\nSessione notturna sul Teide: Dopo una cena leggera, Andremo verso Mines of San Jose, le<br \/>\nformazioni rocciose qui, illuminate solo dalle stelle, creano scenari suggestivi per scatti di lunga esposizione,<br \/>\nquasi onirici. Il posto giusto per immortalare la Via Lattea. Per poi proseguire verso QUEEN&amp;#39;S SHOE dove<br \/>\nfaremo altri scatti alla via Lattea prima di salutare il parco Nazionale.<\/p>\n<p>Giorno 4 \u2013 Il Sud e le Spiagge<br \/>\nCamminata: 2 km<br \/>\nDifficolt\u00e0: bassa.<br \/>\n\uf0b7 Mattina: scendiamo dal Teide per arrivare in zona sud check in nel nuovo hotel<br \/>\n\uf0b7 Pomeriggio all\u2019Arco de Tajao: Nel pomeriggio, partiremo alla volta dell\u2019arco de Tajao dove<br \/>\naspetteremo che il tramonto colori l\u2019arco e le pietre intorno<br \/>\n\uf0b7 Eventuale sessione notturna in base al meteo.<\/p>\n<p>Giorno 5 \u2013 Alba a Punta Hidalgo e avventura tra le montagne<br \/>\nCamminata totale: 6\u20137 km tra Anaga + Bollullo<br \/>\nDifficolt\u00e0: Moderata con percorsi nel bosco e molti scalini per arrivare in spiaggia.<br \/>\n\uf0b7 Alba a Punta Hidalgo: Sveglia prima dell\u2019alba per catturare le prime luci del giorno a Punta<br \/>\nHidalgo, un angolo poco conosciuto di Tenerife, famoso per le sue imponenti scogliere e per<br \/>\nla tranquillit\u00e0 del mare al mattino. Le onde si infrangono contro le rocce creando dinamiche<br \/>\ninteressanti per la fotografia di paesaggio.<br \/>\nLe albe a Punta Hidalgo offrono una luce soffusa che si riflette sulle scogliere e crea giochi di<br \/>\nombre e luci perfetti per scatti intimi e contemplativi.<br \/>\n\uf0b7 Mattina: Visita al Bosco di Anaga<br \/>\n\uf0b7 Pomeriggio: Dopo l\u2019ora di pranzo, ci dirigeremo verso Playa del Bollullo. Qui ci sar\u00e0 da<br \/>\nscendere un bel po\u2019 di scalini per poter raggiungere la spiaggia, ma ne varr\u00e0 la pena.<br \/>\nCattureremo la bellezza del paesaggio con il sole che cala nel mare.<br \/>\n\uf0b7 Rientro in Hotel<\/p>\n<p>Giorno 6 \u2013 Relax e scatti finali<br \/>\nCamminata: 5 km<br \/>\nDifficolt\u00e0: Moderata con passeggiata in citt\u00e0 e molti scalini per arrivare in spiaggia.<br \/>\n\uf0b7 Alba su Playa de La Tejita, una delle spiagge pi\u00f9 pittoresche dell&amp;#39;isola, famosa per la sua<br \/>\nsabbia dorata e per la presenza dell\u2019iconica Monta\u00f1a Roja, che all\u2019alba si colora di<br \/>\nsfumature infuocate. Avrai l&amp;#39;opportunit\u00e0 di scattare fotografie spettacolari di questa<br \/>\nspiaggia, unendo la forza dell&amp;#39;oceano e il fascino delle montagne vulcaniche.<br \/>\n\uf0b7 Visita culturale: La mattina sar\u00e0 dedicata alla scoperta di una delle citt\u00e0 storiche di Tenerife,<br \/>\ncome La Laguna o Garachico, dove potrai fare qualche scatto urbano e goderti l\u2019architettura<br \/>\ncanaria tradizionale.<br \/>\n\uf0b7 Pomeriggio: Nel Pomeriggio raggiungeremo Playa de Benijo, una delle spiagge pi\u00f9 selvagge<br \/>\ne remote di Tenerife. I suoi faraglioni che emergono dall\u2019oceano e la sabbia nera vulcanica<br \/>\nsono perfetti per un tramonto drammatico e intenso, con onde che si infrangono furiose<br \/>\ncontro le rocce. Chicca finale: I riflessi sull&amp;#39;acqua e i giochi di luce e ombre su questa<br \/>\nspiaggia vulcanica renderanno i tuoi scatti unici, offrendo il miglior saluto visivo all\u2019isola.<br \/>\n\uf0b7 Rientro in Hotel<\/p>\n<p>Giorno 7 \u2013 Partenza<br \/>\n\uf0b7 Tempo libero e check-out: Dopo colazione, tempo per gli ultimi scatti o relax, prima del<br \/>\ncheck-out e del trasferimento in aeroporto per il volo di ritorno.<\/p>\n<\/div>\n<\/div>\n<\/div>\n<\/blockquote>\n<\/div>\n<\/div>\n<\/blockquote>\n<\/div>\n<div>\n<div class=\"o9v6fnle cxmmr5t8 oygrvhab hcukyx3x c1et5uql\" style=\"text-align: left;\">\n<hr \/>\n<p>&nbsp;<\/p>\n<\/div>\n<\/div>\n<div style=\"text-align: left;\">\n<p><strong>DOCUMENTI:<\/strong><br \/>\nCarta d\u2019identit\u00e0 valida per espatrio oppure passaporto valido<\/p>\n<\/div>\n<div style=\"text-align: left;\"><\/div>\n<div style=\"text-align: left;\">\n<div class=\"divider divider-dashed\"><strong>GENERI FOTOGRAFICI RISCONTRABILI<\/strong><\/div>\n<div class=\"divider divider-dashed\"><strong>Paesaggistica<\/strong>: con scorci incantevoli sia per ampie vedute che per primi piani e dettagli di uno splendido paesaggio.<\/div>\n<div class=\"divider divider-dashed\"><\/div>\n<div class=\"divider divider-dashed\"><strong>ATTREZZATURA<\/strong><\/div>\n<div class=\"divider divider-dashed\">Affronteremo vari tipologia di fotografia quindi si prestano ad essere utilizzati quasi tutti le ottiche.<\/div>\n<div class=\"divider divider-dashed\">Potrei suggerire comunque un grandangolare ed ottica fissa luminosa, un treppiede ed uno scatto in remoto, filtri ND molto consigliati e polarizzatori.<\/div>\n<\/div>\n<div class=\"divider divider-dashed\" style=\"text-align: left;\"><\/div>\n<div class=\"o9v6fnle cxmmr5t8 oygrvhab hcukyx3x c1et5uql\" style=\"text-align: left;\">\n<hr \/>\n<p><strong>\u2705ATTREZZATURA UTILE<\/strong><\/p>\n<p>Fotocamera con batterie cariche e schede di memoria libere<br \/>\nTreppiedi<br \/>\nFiltri fotografici (ND, GND, CPL) su prenotazione possiamo mettere in prova dei filtri NiSi.<\/p>\n<\/div>\n<hr \/>\n<p style=\"text-align: left;\"><strong>\u2705DOCENTI:<\/strong><\/p>\n<p><strong>Claudio Resto<br \/>\n<\/strong><strong>Viviani Marco<\/strong><\/p>\n<hr \/>\n<p style=\"text-align: left;\">\u2705<strong>NUMERO MIN-MAX DI PARTECIPANTI<\/strong><\/p>\n<p style=\"text-align: left;\">MINIMO 07 PERSONE<\/p>\n<p style=\"text-align: left;\">MAX 12 PERSONE<\/p>\n<div style=\"text-align: left;\"><\/div>\n<div style=\"text-align: left;\">\n<hr \/>\n<\/div>\n<div style=\"text-align: left;\"><strong>\u2705 PREZZO DEL WORKSHOP E SISTEMAZIONE<\/strong><\/div>\n<div style=\"text-align: left;\"><\/div>\n<div style=\"text-align: left;\">\n<div class=\"dropshadowboxes-container \">\n<div class=\"dropshadowboxes-drop-shadow dropshadowboxes-rounded-corners dropshadowboxes-outside-shadow dropshadowboxes-lifted-both dropshadowboxes-effect-default\">\n<p><strong><u>PREZZI<\/u><\/strong> :<\/p>\n<\/div>\n<p>Prezzo:\u00a0 1.900,00 euro a persona con sistemazione in camera doppia<\/p>\n<div class=\"dropshadowboxes-drop-shadow dropshadowboxes-rounded-corners dropshadowboxes-outside-shadow dropshadowboxes-lifted-both dropshadowboxes-effect-default\">\n<p>oppure 1.800,00 euro se hai l&#8217;education card<\/p>\n<\/div>\n<p>Per l&#8217;alloggio singolo chiedere un preventivo<\/p>\n<div class=\"dropshadowboxes-drop-shadow dropshadowboxes-rounded-corners dropshadowboxes-outside-shadow dropshadowboxes-lifted-both dropshadowboxes-effect-default\">\n<p>Polizza annullamento Viaggio All-Risck : 160,00 euro (consigliata)<\/p>\n<\/div>\n<div class=\"dropshadowboxes-drop-shadow dropshadowboxes-rounded-corners dropshadowboxes-outside-shadow dropshadowboxes-lifted-both dropshadowboxes-effect-default\">\n<p><strong>\u2705 <\/strong>Per prenotare il proprio posto \u00e8 necessario versare un acconto di 300,00 euro ad Ariminum travel<br \/>\nIl pagamento potr\u00e0 essere effettuato entro carta di Credito \/ Bonifico \/ Oppure paypal (con possibilit\u00e0 di pagare in tre rate)<\/p>\n<p>Il Saldo andr\u00e0 effettuato entro 40 giorni prima dell&#8217;agenzia Ariminum Travel<\/p>\n<p><strong><u>LA QUOTA COMPRENDE:<\/u><\/strong><\/p>\n<p>-Volo Milano Malpensa \u2013 Tenerife Sud a\/r, incluso un piccolo bagaglio + bagaglio 10 kg in cabina<br \/>\n&#8211;\u00a0 Noleggio 2 minivan dal Giorno 1 al Giorno 7 (escluso il carburante)<br \/>\n&#8211; Sistemazione in camera doppia presso Parador de Las Ca\u00f1adas del Teide dal 12 al 15 giugno 2026, con trattamento di mezza\u00a0 \u00a0 \u00a0pensione per 2 notti e trattamento di prima colazione per 1 notte<br \/>\n&#8211; Sistemazione in camera doppia in hotel 3* in zona Medano dal 15 giugno al 18 giugno 2026 con trattamento di prima colazion<br \/>\n&#8211; Assicurazione medico-bagaglio<\/p>\n<p>&nbsp;<\/p>\n<p><strong><u>LA QUOTA NON COMPRENDE<\/u><\/strong><\/p>\n<ul>\n<li>Carburante<\/li>\n<li>eventuali pedaggi autostradali<\/li>\n<li>parcheggi<\/li>\n<li>assicurazioni integrative<\/li>\n<li>Colazioni, pranzi, cene e bevande per l&#8217;intera durata del viaggio.<\/li>\n<li>quanto non espressamente menzionato alla voce &#8220;La quota comprende.&#8221;<\/li>\n<\/ul>\n<ul>\n<li><strong>ORGANIZZAZIONE TECNICA<\/strong>: Agenzia ARIMINUM VIAGGI<\/li>\n<\/ul>\n<\/div>\n<\/div>\n<div class=\"dropshadowboxes-drop-shadow dropshadowboxes-rounded-corners dropshadowboxes-outside-shadow dropshadowboxes-lifted-both dropshadowboxes-effect-default\"><\/div>\n<\/div>\n<div style=\"text-align: left;\">\n<hr \/>\n<p><strong>\u2705 PER INFORMAZIONE<\/strong><\/p>\n<p>Marco Lecchi 393 9242473 &#8211; marco@digitalcameraschool.it<\/p>\n<p>&nbsp;<\/p>\n<\/div>\n<p><iframe loading=\"lazy\" src=\"https:\/\/docs.google.com\/forms\/d\/e\/1FAIpQLScqlQff1Hk86xtEWhelXTnlniNKTpRLbnNWzLvaopl0n43ajw\/viewform?embedded=true\" width=\"890\" height=\"1200\" frameborder=\"0\" marginwidth=\"0\" marginheight=\"0\">Caricamento\u2026<\/iframe><\/p>\n","protected":false},"excerpt":{"rendered":"<p>\ud83d\udcf8 <strong>Workshop Fotografico a Tenerife: Scopri <\/strong><b>L&#8217;Isola dei Contrasti <\/b>\ud83c\udf0b\ud83c\udf34<br \/>\n\ud83d\udcc5 <strong>Date:<\/strong> 12\/18 Giugno<\/p>\n<p>Unisciti a noi per un\u2019esperienza fotografica indimenticabile nella splendida Tenerife! Questa isola delle Canarie ci regaler\u00e0 una variet\u00e0 unica di scenari, dai paesaggi vulcanici del Parco Nazionale del Teide, ai suggestivi villaggi di pescatori, fino alle maestose scogliere a picco sull\u2019oceano e alle spiagge dorate.<\/p>\n<p><strong>Cosa ci aspetta:<\/strong><\/p>\n<ul>\n<li><strong>Fotografia di paesaggio<\/strong> nel Parco Nazionale del Teide, tra vulcani, colate laviche e vedute mozzafiato<\/li>\n<li><strong>Sessioni all\u2019alba e al tramonto<\/strong> per catturare i colori pi\u00f9 spettacolari dell\u2019isola<\/li>\n<li><strong>Escursioni fotografiche<\/strong> tra villaggi caratteristici, natura lussureggiante e spiagge selvagge<\/li>\n<li><strong>Fotografia notturna<\/strong> per immortalare il cielo stellato e il Teide come sfondo suggestivo<\/li>\n<li>Approfondimenti tecnici su composizione, gestione della luce e tecniche avanzate di scatto<\/li>\n<\/ul>\n<p><strong>Per chi \u00e8 il workshop?<\/strong><br \/>\nQuesto workshop \u00e8 ideale per fotografi di ogni livello che desiderano migliorare le proprie competenze e scoprire i segreti della fotografia di paesaggio e naturalistica in un contesto unico.<\/p>\n<p>Non perdere l\u2019occasione di esplorare Tenerife in compagnia di altri appassionati di fotografia, immerso in un ambiente straordinario e sempre pronto a offrirti nuove ispirazioni! \ud83c\udf05<\/p>\n","protected":false},"featured_media":43413,"template":"","meta":{"pmpro_default_level":""},"product_brand":[],"product_cat":[167,158,178,110,184],"product_tag":[],"class_list":{"0":"post-43412","1":"product","2":"type-product","3":"status-publish","4":"has-post-thumbnail","6":"product_cat-corsi","7":"product_cat-in-evidenza","8":"product_cat-viaggi","9":"product_cat-workshop","10":"product_cat-wsp","11":"pmpro-has-access","13":"first","14":"instock","15":"featured","16":"virtual","17":"taxable","18":"product-type-simple"},"acf":[],"yoast_head":"<!-- This site is optimized with the Yoast SEO plugin v27.5 - https:\/\/yoast.com\/product\/yoast-seo-wordpress\/ -->\n<title>TENERIFE  Dal 12 al 18 Giugno  Viaggio Fotografico - Digital Camera School - Corsi di fotografia<\/title>\n<meta name=\"robots\" content=\"index, follow, max-snippet:-1, max-image-preview:large, max-video-preview:-1\" \/>\n<link rel=\"canonical\" href=\"https:\/\/www.digitalcameraschool.it\/home\/prodotto\/tenerife-dal-12-al-18-giugno-viaggio-fotografico\/\" \/>\n<meta property=\"og:locale\" content=\"it_IT\" \/>\n<meta property=\"og:type\" content=\"article\" \/>\n<meta property=\"og:title\" content=\"TENERIFE  Dal 12 al 18 Giugno  Viaggio Fotografico - Digital Camera School - Corsi di fotografia\" \/>\n<meta property=\"og:description\" content=\"\ud83d\udcf8 Workshop Fotografico a Tenerife: Scopri L&#039;Isola dei Contrasti \ud83c\udf0b\ud83c\udf34 \ud83d\udcc5 Date: 12\/18 Giugno  Unisciti a noi per un\u2019esperienza fotografica indimenticabile nella splendida Tenerife! Questa isola delle Canarie ci regaler\u00e0 una variet\u00e0 unica di scenari, dai paesaggi vulcanici del Parco Nazionale del Teide, ai suggestivi villaggi di pescatori, fino alle maestose scogliere a picco sull\u2019oceano e alle spiagge dorate.  Cosa ci aspetta:   Fotografia di paesaggio nel Parco Nazionale del Teide, tra vulcani, colate laviche e vedute mozzafiato  Sessioni all\u2019alba e al tramonto per catturare i colori pi\u00f9 spettacolari dell\u2019isola  Escursioni fotografiche tra villaggi caratteristici, natura lussureggiante e spiagge selvagge  Fotografia notturna per immortalare il cielo stellato e il Teide come sfondo suggestivo  Approfondimenti tecnici su composizione, gestione della luce e tecniche avanzate di scatto  Per chi \u00e8 il workshop? Questo workshop \u00e8 ideale per fotografi di ogni livello che desiderano migliorare le proprie competenze e scoprire i segreti della fotografia di paesaggio e naturalistica in un contesto unico.  Non perdere l\u2019occasione di esplorare Tenerife in compagnia di altri appassionati di fotografia, immerso in un ambiente straordinario e sempre pronto a offrirti nuove ispirazioni! \ud83c\udf05\" \/>\n<meta property=\"og:url\" content=\"https:\/\/www.digitalcameraschool.it\/home\/prodotto\/tenerife-dal-12-al-18-giugno-viaggio-fotografico\/\" \/>\n<meta property=\"og:site_name\" content=\"Digital Camera School - Corsi di fotografia\" \/>\n<meta property=\"article:publisher\" content=\"https:\/\/www.facebook.com\/digitalcameraschool\" \/>\n<meta property=\"article:modified_time\" content=\"2026-01-26T17:25:28+00:00\" \/>\n<meta property=\"og:image\" content=\"https:\/\/www.digitalcameraschool.it\/home\/wp-content\/uploads\/2026\/01\/448.jpg\" \/>\n\t<meta property=\"og:image:width\" content=\"2500\" \/>\n\t<meta property=\"og:image:height\" content=\"2500\" \/>\n\t<meta property=\"og:image:type\" content=\"image\/jpeg\" \/>\n<meta name=\"twitter:card\" content=\"summary_large_image\" \/>\n<meta name=\"twitter:label1\" content=\"Tempo di lettura stimato\" \/>\n\t<meta name=\"twitter:data1\" content=\"3 minuti\" \/>\n<script type=\"application\/ld+json\" class=\"yoast-schema-graph\">{\"@context\":\"https:\\\/\\\/schema.org\",\"@graph\":[{\"@type\":\"WebPage\",\"@id\":\"https:\\\/\\\/www.digitalcameraschool.it\\\/home\\\/prodotto\\\/tenerife-dal-12-al-18-giugno-viaggio-fotografico\\\/\",\"url\":\"https:\\\/\\\/www.digitalcameraschool.it\\\/home\\\/prodotto\\\/tenerife-dal-12-al-18-giugno-viaggio-fotografico\\\/\",\"name\":\"TENERIFE Dal 12 al 18 Giugno Viaggio Fotografico - Digital Camera School - Corsi di fotografia\",\"isPartOf\":{\"@id\":\"https:\\\/\\\/www.digitalcameraschool.it\\\/home\\\/#website\"},\"primaryImageOfPage\":{\"@id\":\"https:\\\/\\\/www.digitalcameraschool.it\\\/home\\\/prodotto\\\/tenerife-dal-12-al-18-giugno-viaggio-fotografico\\\/#primaryimage\"},\"image\":{\"@id\":\"https:\\\/\\\/www.digitalcameraschool.it\\\/home\\\/prodotto\\\/tenerife-dal-12-al-18-giugno-viaggio-fotografico\\\/#primaryimage\"},\"thumbnailUrl\":\"https:\\\/\\\/www.digitalcameraschool.it\\\/home\\\/wp-content\\\/uploads\\\/2026\\\/01\\\/448.jpg\",\"datePublished\":\"2026-01-26T13:57:21+00:00\",\"dateModified\":\"2026-01-26T17:25:28+00:00\",\"breadcrumb\":{\"@id\":\"https:\\\/\\\/www.digitalcameraschool.it\\\/home\\\/prodotto\\\/tenerife-dal-12-al-18-giugno-viaggio-fotografico\\\/#breadcrumb\"},\"inLanguage\":\"it-IT\",\"potentialAction\":[{\"@type\":\"ReadAction\",\"target\":[\"https:\\\/\\\/www.digitalcameraschool.it\\\/home\\\/prodotto\\\/tenerife-dal-12-al-18-giugno-viaggio-fotografico\\\/\"]}]},{\"@type\":\"ImageObject\",\"inLanguage\":\"it-IT\",\"@id\":\"https:\\\/\\\/www.digitalcameraschool.it\\\/home\\\/prodotto\\\/tenerife-dal-12-al-18-giugno-viaggio-fotografico\\\/#primaryimage\",\"url\":\"https:\\\/\\\/www.digitalcameraschool.it\\\/home\\\/wp-content\\\/uploads\\\/2026\\\/01\\\/448.jpg\",\"contentUrl\":\"https:\\\/\\\/www.digitalcameraschool.it\\\/home\\\/wp-content\\\/uploads\\\/2026\\\/01\\\/448.jpg\",\"width\":2500,\"height\":2500},{\"@type\":\"BreadcrumbList\",\"@id\":\"https:\\\/\\\/www.digitalcameraschool.it\\\/home\\\/prodotto\\\/tenerife-dal-12-al-18-giugno-viaggio-fotografico\\\/#breadcrumb\",\"itemListElement\":[{\"@type\":\"ListItem\",\"position\":1,\"name\":\"Home\",\"item\":\"https:\\\/\\\/www.digitalcameraschool.it\\\/home\\\/\"},{\"@type\":\"ListItem\",\"position\":2,\"name\":\"Shop\",\"item\":\"https:\\\/\\\/www.digitalcameraschool.it\\\/home\\\/shop\\\/\"},{\"@type\":\"ListItem\",\"position\":3,\"name\":\"TENERIFE Dal 12 al 18 Giugno Viaggio Fotografico\"}]},{\"@type\":\"WebSite\",\"@id\":\"https:\\\/\\\/www.digitalcameraschool.it\\\/home\\\/#website\",\"url\":\"https:\\\/\\\/www.digitalcameraschool.it\\\/home\\\/\",\"name\":\"Digital Camera School - Corsi di fotografia\",\"description\":\"Corsi, workshop, viaggi e molto altro!\",\"publisher\":{\"@id\":\"https:\\\/\\\/www.digitalcameraschool.it\\\/home\\\/#organization\"},\"potentialAction\":[{\"@type\":\"SearchAction\",\"target\":{\"@type\":\"EntryPoint\",\"urlTemplate\":\"https:\\\/\\\/www.digitalcameraschool.it\\\/home\\\/?s={search_term_string}\"},\"query-input\":{\"@type\":\"PropertyValueSpecification\",\"valueRequired\":true,\"valueName\":\"search_term_string\"}}],\"inLanguage\":\"it-IT\"},{\"@type\":\"Organization\",\"@id\":\"https:\\\/\\\/www.digitalcameraschool.it\\\/home\\\/#organization\",\"name\":\"Digital Camera School\",\"url\":\"https:\\\/\\\/www.digitalcameraschool.it\\\/home\\\/\",\"logo\":{\"@type\":\"ImageObject\",\"inLanguage\":\"it-IT\",\"@id\":\"https:\\\/\\\/www.digitalcameraschool.it\\\/home\\\/#\\\/schema\\\/logo\\\/image\\\/\",\"url\":\"https:\\\/\\\/www.digitalcameraschool.it\\\/home\\\/wp-content\\\/uploads\\\/2022\\\/05\\\/logo-rotondo-dcs.png\",\"contentUrl\":\"https:\\\/\\\/www.digitalcameraschool.it\\\/home\\\/wp-content\\\/uploads\\\/2022\\\/05\\\/logo-rotondo-dcs.png\",\"width\":500,\"height\":500,\"caption\":\"Digital Camera School\"},\"image\":{\"@id\":\"https:\\\/\\\/www.digitalcameraschool.it\\\/home\\\/#\\\/schema\\\/logo\\\/image\\\/\"},\"sameAs\":[\"https:\\\/\\\/www.facebook.com\\\/digitalcameraschool\",\"https:\\\/\\\/www.instagram.com\\\/digital_camera_school\\\/\",\"https:\\\/\\\/www.youtube.com\\\/c\\\/digitalcameraschool_tv\"]}]}<\/script>\n<!-- \/ Yoast SEO plugin. -->","yoast_head_json":{"title":"TENERIFE  Dal 12 al 18 Giugno  Viaggio Fotografico - Digital Camera School - Corsi di fotografia","robots":{"index":"index","follow":"follow","max-snippet":"max-snippet:-1","max-image-preview":"max-image-preview:large","max-video-preview":"max-video-preview:-1"},"canonical":"https:\/\/www.digitalcameraschool.it\/home\/prodotto\/tenerife-dal-12-al-18-giugno-viaggio-fotografico\/","og_locale":"it_IT","og_type":"article","og_title":"TENERIFE  Dal 12 al 18 Giugno  Viaggio Fotografico - Digital Camera School - Corsi di fotografia","og_description":"\ud83d\udcf8 Workshop Fotografico a Tenerife: Scopri L'Isola dei Contrasti \ud83c\udf0b\ud83c\udf34 \ud83d\udcc5 Date: 12\/18 Giugno  Unisciti a noi per un\u2019esperienza fotografica indimenticabile nella splendida Tenerife! Questa isola delle Canarie ci regaler\u00e0 una variet\u00e0 unica di scenari, dai paesaggi vulcanici del Parco Nazionale del Teide, ai suggestivi villaggi di pescatori, fino alle maestose scogliere a picco sull\u2019oceano e alle spiagge dorate.  Cosa ci aspetta:   Fotografia di paesaggio nel Parco Nazionale del Teide, tra vulcani, colate laviche e vedute mozzafiato  Sessioni all\u2019alba e al tramonto per catturare i colori pi\u00f9 spettacolari dell\u2019isola  Escursioni fotografiche tra villaggi caratteristici, natura lussureggiante e spiagge selvagge  Fotografia notturna per immortalare il cielo stellato e il Teide come sfondo suggestivo  Approfondimenti tecnici su composizione, gestione della luce e tecniche avanzate di scatto  Per chi \u00e8 il workshop? Questo workshop \u00e8 ideale per fotografi di ogni livello che desiderano migliorare le proprie competenze e scoprire i segreti della fotografia di paesaggio e naturalistica in un contesto unico.  Non perdere l\u2019occasione di esplorare Tenerife in compagnia di altri appassionati di fotografia, immerso in un ambiente straordinario e sempre pronto a offrirti nuove ispirazioni! \ud83c\udf05","og_url":"https:\/\/www.digitalcameraschool.it\/home\/prodotto\/tenerife-dal-12-al-18-giugno-viaggio-fotografico\/","og_site_name":"Digital Camera School - Corsi di fotografia","article_publisher":"https:\/\/www.facebook.com\/digitalcameraschool","article_modified_time":"2026-01-26T17:25:28+00:00","og_image":[{"width":2500,"height":2500,"url":"https:\/\/www.digitalcameraschool.it\/home\/wp-content\/uploads\/2026\/01\/448.jpg","type":"image\/jpeg"}],"twitter_card":"summary_large_image","twitter_misc":{"Tempo di lettura stimato":"3 minuti"},"schema":{"@context":"https:\/\/schema.org","@graph":[{"@type":"WebPage","@id":"https:\/\/www.digitalcameraschool.it\/home\/prodotto\/tenerife-dal-12-al-18-giugno-viaggio-fotografico\/","url":"https:\/\/www.digitalcameraschool.it\/home\/prodotto\/tenerife-dal-12-al-18-giugno-viaggio-fotografico\/","name":"TENERIFE Dal 12 al 18 Giugno Viaggio Fotografico - Digital Camera School - Corsi di fotografia","isPartOf":{"@id":"https:\/\/www.digitalcameraschool.it\/home\/#website"},"primaryImageOfPage":{"@id":"https:\/\/www.digitalcameraschool.it\/home\/prodotto\/tenerife-dal-12-al-18-giugno-viaggio-fotografico\/#primaryimage"},"image":{"@id":"https:\/\/www.digitalcameraschool.it\/home\/prodotto\/tenerife-dal-12-al-18-giugno-viaggio-fotografico\/#primaryimage"},"thumbnailUrl":"https:\/\/www.digitalcameraschool.it\/home\/wp-content\/uploads\/2026\/01\/448.jpg","datePublished":"2026-01-26T13:57:21+00:00","dateModified":"2026-01-26T17:25:28+00:00","breadcrumb":{"@id":"https:\/\/www.digitalcameraschool.it\/home\/prodotto\/tenerife-dal-12-al-18-giugno-viaggio-fotografico\/#breadcrumb"},"inLanguage":"it-IT","potentialAction":[{"@type":"ReadAction","target":["https:\/\/www.digitalcameraschool.it\/home\/prodotto\/tenerife-dal-12-al-18-giugno-viaggio-fotografico\/"]}]},{"@type":"ImageObject","inLanguage":"it-IT","@id":"https:\/\/www.digitalcameraschool.it\/home\/prodotto\/tenerife-dal-12-al-18-giugno-viaggio-fotografico\/#primaryimage","url":"https:\/\/www.digitalcameraschool.it\/home\/wp-content\/uploads\/2026\/01\/448.jpg","contentUrl":"https:\/\/www.digitalcameraschool.it\/home\/wp-content\/uploads\/2026\/01\/448.jpg","width":2500,"height":2500},{"@type":"BreadcrumbList","@id":"https:\/\/www.digitalcameraschool.it\/home\/prodotto\/tenerife-dal-12-al-18-giugno-viaggio-fotografico\/#breadcrumb","itemListElement":[{"@type":"ListItem","position":1,"name":"Home","item":"https:\/\/www.digitalcameraschool.it\/home\/"},{"@type":"ListItem","position":2,"name":"Shop","item":"https:\/\/www.digitalcameraschool.it\/home\/shop\/"},{"@type":"ListItem","position":3,"name":"TENERIFE Dal 12 al 18 Giugno Viaggio Fotografico"}]},{"@type":"WebSite","@id":"https:\/\/www.digitalcameraschool.it\/home\/#website","url":"https:\/\/www.digitalcameraschool.it\/home\/","name":"Digital Camera School - Corsi di fotografia","description":"Corsi, workshop, viaggi e molto altro!","publisher":{"@id":"https:\/\/www.digitalcameraschool.it\/home\/#organization"},"potentialAction":[{"@type":"SearchAction","target":{"@type":"EntryPoint","urlTemplate":"https:\/\/www.digitalcameraschool.it\/home\/?s={search_term_string}"},"query-input":{"@type":"PropertyValueSpecification","valueRequired":true,"valueName":"search_term_string"}}],"inLanguage":"it-IT"},{"@type":"Organization","@id":"https:\/\/www.digitalcameraschool.it\/home\/#organization","name":"Digital Camera School","url":"https:\/\/www.digitalcameraschool.it\/home\/","logo":{"@type":"ImageObject","inLanguage":"it-IT","@id":"https:\/\/www.digitalcameraschool.it\/home\/#\/schema\/logo\/image\/","url":"https:\/\/www.digitalcameraschool.it\/home\/wp-content\/uploads\/2022\/05\/logo-rotondo-dcs.png","contentUrl":"https:\/\/www.digitalcameraschool.it\/home\/wp-content\/uploads\/2022\/05\/logo-rotondo-dcs.png","width":500,"height":500,"caption":"Digital Camera School"},"image":{"@id":"https:\/\/www.digitalcameraschool.it\/home\/#\/schema\/logo\/image\/"},"sameAs":["https:\/\/www.facebook.com\/digitalcameraschool","https:\/\/www.instagram.com\/digital_camera_school\/","https:\/\/www.youtube.com\/c\/digitalcameraschool_tv"]}]}},"_links":{"self":[{"href":"https:\/\/www.digitalcameraschool.it\/home\/wp-json\/wp\/v2\/product\/43412","targetHints":{"allow":["GET"]}}],"collection":[{"href":"https:\/\/www.digitalcameraschool.it\/home\/wp-json\/wp\/v2\/product"}],"about":[{"href":"https:\/\/www.digitalcameraschool.it\/home\/wp-json\/wp\/v2\/types\/product"}],"wp:featuredmedia":[{"embeddable":true,"href":"https:\/\/www.digitalcameraschool.it\/home\/wp-json\/wp\/v2\/media\/43413"}],"wp:attachment":[{"href":"https:\/\/www.digitalcameraschool.it\/home\/wp-json\/wp\/v2\/media?parent=43412"}],"wp:term":[{"taxonomy":"product_brand","embeddable":true,"href":"https:\/\/www.digitalcameraschool.it\/home\/wp-json\/wp\/v2\/product_brand?post=43412"},{"taxonomy":"product_cat","embeddable":true,"href":"https:\/\/www.digitalcameraschool.it\/home\/wp-json\/wp\/v2\/product_cat?post=43412"},{"taxonomy":"product_tag","embeddable":true,"href":"https:\/\/www.digitalcameraschool.it\/home\/wp-json\/wp\/v2\/product_tag?post=43412"}],"curies":[{"name":"wp","href":"https:\/\/api.w.org\/{rel}","templated":true}]}}