{"id":36500,"date":"2024-06-10T10:37:41","date_gmt":"2024-06-10T08:37:41","guid":{"rendered":"https:\/\/www.digitalcameraschool.it\/home\/?post_type=product&#038;p=36500"},"modified":"2026-04-10T09:19:54","modified_gmt":"2026-04-10T07:19:54","slug":"la-spezia-corso-di-fotografia-base","status":"publish","type":"product","link":"https:\/\/www.digitalcameraschool.it\/home\/prodotto\/la-spezia-corso-di-fotografia-base\/","title":{"rendered":"La Spezia &#8211; Corso di fotografia base <br> Date in definizione"},"content":{"rendered":"<div class=\"o9v6fnle cxmmr5t8 oygrvhab hcukyx3x c1et5uql\">\n<div class=\"kvgmc6g5 cxmmr5t8 oygrvhab hcukyx3x c1et5uql\"><\/div>\n<\/div>\n<div>\n<div class=\"o9v6fnle cxmmr5t8 oygrvhab hcukyx3x c1et5uql\">\n<div class=\"kvgmc6g5 cxmmr5t8 oygrvhab hcukyx3x c1et5uql\"><\/div>\n<\/div>\n<div>\n<div class=\"o9v6fnle cxmmr5t8 oygrvhab hcukyx3x c1et5uql\">\n<div class=\"kvgmc6g5 cxmmr5t8 oygrvhab hcukyx3x c1et5uql\"><img loading=\"lazy\" decoding=\"async\" class=\"alignnone wp-image-25394 size-full\" src=\"https:\/\/www.digitalcameraschool.it\/home\/wp-content\/uploads\/2021\/08\/Sito-web6.jpg\" alt=\"\" width=\"1348\" height=\"500\" srcset=\"https:\/\/www.digitalcameraschool.it\/home\/wp-content\/uploads\/2021\/08\/Sito-web6.jpg 1348w, https:\/\/www.digitalcameraschool.it\/home\/wp-content\/uploads\/2021\/08\/Sito-web6-600x223.jpg 600w, https:\/\/www.digitalcameraschool.it\/home\/wp-content\/uploads\/2021\/08\/Sito-web6-300x111.jpg 300w, https:\/\/www.digitalcameraschool.it\/home\/wp-content\/uploads\/2021\/08\/Sito-web6-1024x380.jpg 1024w, https:\/\/www.digitalcameraschool.it\/home\/wp-content\/uploads\/2021\/08\/Sito-web6-768x285.jpg 768w\" sizes=\"auto, (max-width: 1348px) 100vw, 1348px\" \/><\/div>\n<\/div>\n<div><\/div>\n<div style=\"text-align: justify;\">\n<hr \/>\n<\/div>\n<div class=\"o9v6fnle cxmmr5t8 oygrvhab hcukyx3x c1et5uql\" style=\"text-align: justify;\">\n<div class=\"kvgmc6g5 cxmmr5t8 oygrvhab hcukyx3x c1et5uql\">\n<div><strong><span style=\"color: #339966;\"><i class=\"wp-svg-signup signup\"><\/i> <\/span>COSA IMPARERAI<\/strong><\/div>\n<div>\n<p>Al termine del corso avrai acquisito <strong>una buona tecnica fotografica<\/strong> (capacit\u00e0 di utilizzare la macchina<strong> senza automatismi<\/strong>), le giuste nozioni per saper<strong> leggere le immagini<\/strong> ed eseguire <strong>scatti corretti<\/strong> e di qualit\u00e0.<\/p>\n<ul>\n<li>Comporre in modo efficace\u00a0 le nostre fotografie<\/li>\n<li>Come comunicare al meglio con le immagini<\/li>\n<li>Staccarsi dal fotografare in modalit\u00e0 Auto e passare al pieno controllo in Manuale<\/li>\n<li>Scegliere la giusta ottica<\/li>\n<li>Gestione della profondit\u00e0 di campo (sfondo Sfuocato, sfondo Nitido)<\/li>\n<li>ISO &#8211; TEMPI &#8211; DIAFRAMMI: la corretta impostazione<\/li>\n<li>Esposimetro<\/li>\n<li>Il bilanciamento del Bianco<\/li>\n<li>Quale scheda SD acquistare e come orientarsi<\/li>\n<li>Realizzare immagini con effetto seta e scie delle macchine (lunghe esposizioni)<\/li>\n<li>La tecnica del panning<\/li>\n<li>Come realizzare silhouette perfette<\/li>\n<li>I filtri fotografici<\/li>\n<li>Il flash a slitta e il flash integrato<\/li>\n<li>Le inquadrature del ritratto<\/li>\n<li>Post-produzione<\/li>\n<li>Grandi autrici\/autori del passato e del presente<\/li>\n<\/ul>\n<p><img loading=\"lazy\" decoding=\"async\" class=\"aligncenter wp-image-25391 size-full\" src=\"https:\/\/www.digitalcameraschool.it\/home\/wp-content\/uploads\/2021\/08\/Sito-web3.jpg\" alt=\"\" width=\"1348\" height=\"500\" srcset=\"https:\/\/www.digitalcameraschool.it\/home\/wp-content\/uploads\/2021\/08\/Sito-web3.jpg 1348w, https:\/\/www.digitalcameraschool.it\/home\/wp-content\/uploads\/2021\/08\/Sito-web3-600x223.jpg 600w, https:\/\/www.digitalcameraschool.it\/home\/wp-content\/uploads\/2021\/08\/Sito-web3-300x111.jpg 300w, https:\/\/www.digitalcameraschool.it\/home\/wp-content\/uploads\/2021\/08\/Sito-web3-1024x380.jpg 1024w, https:\/\/www.digitalcameraschool.it\/home\/wp-content\/uploads\/2021\/08\/Sito-web3-768x285.jpg 768w\" sizes=\"auto, (max-width: 1348px) 100vw, 1348px\" \/><\/p>\n<\/div>\n<div><\/div>\n<div>\n<hr \/>\n<p><strong><span style=\"color: #339966;\"><i class=\"wp-svg-signup signup\"><\/i><\/span>\u00a0 METODO<\/strong><br \/>\nIl nostro intento \u00e8 quello di <strong>insegnare col sorriso<\/strong>, senza pesantezza. Il metodo prevede l\u2019utilizzo di <strong>molte immagini<\/strong>, cos\u00ec da rendere l\u2019esperienza il pi\u00f9 <strong>coinvolgente<\/strong> possibile. Durante le lezioni vengono assegnati dei piccoli ma stimolanti compiti facoltativi da compiere a casa, utili per iniziare a prendere la mano col mezzo fotografico. Molto apprezzata \u00e8 la possibilit\u00e0 di <strong>recuperare le eventuali lezioni saltate<\/strong>, con un video che ti sar\u00e0 inviato o in aula. Al termine del corso viene rilasciato sia un <strong>attestato<\/strong> di partecipazione sia una dispensa riassuntiva.<\/p>\n<p><img loading=\"lazy\" decoding=\"async\" class=\"aligncenter wp-image-25395 size-full\" src=\"https:\/\/www.digitalcameraschool.it\/home\/wp-content\/uploads\/2021\/08\/Sito-web7.jpg\" alt=\"\" width=\"1348\" height=\"500\" srcset=\"https:\/\/www.digitalcameraschool.it\/home\/wp-content\/uploads\/2021\/08\/Sito-web7.jpg 1348w, https:\/\/www.digitalcameraschool.it\/home\/wp-content\/uploads\/2021\/08\/Sito-web7-600x223.jpg 600w, https:\/\/www.digitalcameraschool.it\/home\/wp-content\/uploads\/2021\/08\/Sito-web7-300x111.jpg 300w, https:\/\/www.digitalcameraschool.it\/home\/wp-content\/uploads\/2021\/08\/Sito-web7-1024x380.jpg 1024w, https:\/\/www.digitalcameraschool.it\/home\/wp-content\/uploads\/2021\/08\/Sito-web7-768x285.jpg 768w\" sizes=\"auto, (max-width: 1348px) 100vw, 1348px\" \/><\/p>\n<\/div>\n<div><\/div>\n<div>\n<hr \/>\n<div class='content-column one_third'><div style=\"padding:20px 20px 20px 20px;\"><img loading=\"lazy\" decoding=\"async\" class=\"aligncenter wp-image-25417\" src=\"https:\/\/www.digitalcameraschool.it\/home\/wp-content\/uploads\/2021\/08\/immagini2.png\" alt=\"\" width=\"250\" height=\"250\" srcset=\"https:\/\/www.digitalcameraschool.it\/home\/wp-content\/uploads\/2021\/08\/immagini2.png 300w, https:\/\/www.digitalcameraschool.it\/home\/wp-content\/uploads\/2021\/08\/immagini2-100x100.png 100w, https:\/\/www.digitalcameraschool.it\/home\/wp-content\/uploads\/2021\/08\/immagini2-150x150.png 150w\" sizes=\"auto, (max-width: 250px) 100vw, 250px\" \/><\/p>\n<h3 style=\"text-align: center;\"><span style=\"color: #ff9900;\">NON HAI LA FOTOCAMERA?<\/span><\/h3>\n<p style=\"text-align: center;\">Nessun problema! Abbiamo le nostre fotocamere da prestarti!<\/p>\n<p style=\"text-align: center;\"><\/div><\/div>\n<div class='content-column one_third'><div style=\"padding:20px 20px 20px 20px;\"><img loading=\"lazy\" decoding=\"async\" class=\"aligncenter wp-image-25418\" src=\"https:\/\/www.digitalcameraschool.it\/home\/wp-content\/uploads\/2021\/08\/recupero.png\" alt=\"\" width=\"250\" height=\"250\" srcset=\"https:\/\/www.digitalcameraschool.it\/home\/wp-content\/uploads\/2021\/08\/recupero.png 300w, https:\/\/www.digitalcameraschool.it\/home\/wp-content\/uploads\/2021\/08\/recupero-100x100.png 100w, https:\/\/www.digitalcameraschool.it\/home\/wp-content\/uploads\/2021\/08\/recupero-150x150.png 150w\" sizes=\"auto, (max-width: 250px) 100vw, 250px\" \/><\/p>\n<h3 style=\"text-align: center;\"><span style=\"color: #ff9900;\">HAI SALTATO UNA LEZIONE?<\/span><\/h3>\n<p style=\"text-align: center;\">Puoi recuperarla! O tramite un video che ti sar\u00e0 inviato oppure in aula!<\/p><\/div><\/div>\n<div class='content-column one_third last_column'><div style=\"padding:20px 20px 20px 20px;\"><img loading=\"lazy\" decoding=\"async\" class=\"aligncenter wp-image-25422\" src=\"https:\/\/www.digitalcameraschool.it\/home\/wp-content\/uploads\/2021\/08\/dispense.png\" alt=\"\" width=\"250\" height=\"250\" srcset=\"https:\/\/www.digitalcameraschool.it\/home\/wp-content\/uploads\/2021\/08\/dispense.png 300w, https:\/\/www.digitalcameraschool.it\/home\/wp-content\/uploads\/2021\/08\/dispense-100x100.png 100w, https:\/\/www.digitalcameraschool.it\/home\/wp-content\/uploads\/2021\/08\/dispense-150x150.png 150w\" sizes=\"auto, (max-width: 250px) 100vw, 250px\" \/><\/p>\n<h3 style=\"text-align: center;\"><span style=\"color: #ff9900;\">DISPENSA RIASSUNTIVA<\/span><\/h3>\n<p style=\"text-align: center;\">In modo da poter consultare, finito il corso, i concetti acquisiti.<\/p><\/div><\/div><div class='clear_column'><\/div>\n<div class='content-column one_third'><div style=\"padding:20px 20px 20px 20px;\"><img loading=\"lazy\" decoding=\"async\" class=\"aligncenter wp-image-25420\" src=\"https:\/\/www.digitalcameraschool.it\/home\/wp-content\/uploads\/2021\/08\/attestato.png\" alt=\"\" width=\"250\" height=\"250\" srcset=\"https:\/\/www.digitalcameraschool.it\/home\/wp-content\/uploads\/2021\/08\/attestato.png 300w, https:\/\/www.digitalcameraschool.it\/home\/wp-content\/uploads\/2021\/08\/attestato-100x100.png 100w, https:\/\/www.digitalcameraschool.it\/home\/wp-content\/uploads\/2021\/08\/attestato-150x150.png 150w\" sizes=\"auto, (max-width: 250px) 100vw, 250px\" \/><\/p>\n<h3 style=\"text-align: center;\"><span style=\"color: #ff9900;\">ATTESTATO<\/span><\/h3>\n<p style=\"text-align: center;\">Un ricordo da conservare o appendere e mostrare agli amici.<\/p>\n<p style=\"text-align: center;\"><\/div><\/div>\n<div class='content-column one_third'><div style=\"padding:20px 20px 20px 20px;\"><img loading=\"lazy\" decoding=\"async\" class=\"aligncenter wp-image-25419\" src=\"https:\/\/www.digitalcameraschool.it\/home\/wp-content\/uploads\/2021\/08\/video.png\" alt=\"\" width=\"250\" height=\"250\" srcset=\"https:\/\/www.digitalcameraschool.it\/home\/wp-content\/uploads\/2021\/08\/video.png 300w, https:\/\/www.digitalcameraschool.it\/home\/wp-content\/uploads\/2021\/08\/video-100x100.png 100w, https:\/\/www.digitalcameraschool.it\/home\/wp-content\/uploads\/2021\/08\/video-150x150.png 150w\" sizes=\"auto, (max-width: 250px) 100vw, 250px\" \/><\/p>\n<h3 style=\"text-align: center;\"><span style=\"color: #ff9900;\">DIVERSI VIDEO-TUTORIAL<\/span><\/h3>\n<p style=\"text-align: center;\">Per approfondire alcuni argomenti o affrontarne di nuovi!<\/p><\/div><\/div>\n<div class='content-column one_third last_column'><div style=\"padding:20px 20px 20px 20px;\"><img loading=\"lazy\" decoding=\"async\" class=\"aligncenter wp-image-25421\" src=\"https:\/\/www.digitalcameraschool.it\/home\/wp-content\/uploads\/2021\/08\/fidelity.png\" alt=\"\" width=\"250\" height=\"250\" srcset=\"https:\/\/www.digitalcameraschool.it\/home\/wp-content\/uploads\/2021\/08\/fidelity.png 300w, https:\/\/www.digitalcameraschool.it\/home\/wp-content\/uploads\/2021\/08\/fidelity-100x100.png 100w, https:\/\/www.digitalcameraschool.it\/home\/wp-content\/uploads\/2021\/08\/fidelity-150x150.png 150w\" sizes=\"auto, (max-width: 250px) 100vw, 250px\" \/><\/p>\n<h3 style=\"text-align: center;\"><span style=\"color: #ff9900;\">AREA RISERVATA<\/span><\/h3>\n<p style=\"text-align: center;\">Un luogo virtuale dove trovare ulteriore materiale!<\/p><\/div><\/div><div class='clear_column'><\/div>\n<hr \/>\n<p><strong><span style=\"color: #339966;\"><i class=\"wp-svg-signup signup\"><\/i><\/span>\u00a0 CALENDARIO<\/strong><\/p>\n<p><strong><img decoding=\"async\" class=\"emoji\" role=\"img\" draggable=\"false\" src=\"https:\/\/s.w.org\/images\/core\/emoji\/15.0.3\/svg\/2705.svg\" alt=\"\u2705\" \/>\u00a0CALENDARIO<br \/>\n<\/strong>Date in definizione.<\/p>\n<\/div>\n<div>\n<p><strong><img decoding=\"async\" class=\"emoji\" role=\"img\" draggable=\"false\" src=\"https:\/\/s.w.org\/images\/core\/emoji\/15.0.3\/svg\/2705.svg\" alt=\"\u2705\" \/>\u00a0PROGRAMMA<\/strong><\/p>\n<p><strong>Sabato<\/strong><br \/>\n\u2013 ore 09:30 ritrovo in Hotel e consegna del kit di benvenuto<br \/>\n\u2013 ore 10:00 inizio lezione<br \/>\n\u2013 ore 12:30 pausa pranzo<br \/>\n\u2013 ore 14:00 ripresa della didattica<br \/>\n\u2013 ore 18:30 termine della parte teorica<\/p>\n<p><strong>Domenica<\/strong><br \/>\n\u2013 ore 09:30 ritrovo in La Spezia<br \/>\n\u2013 ore 09:45 inizio della sessione pratica (se non possiedi la tua fotocamera te la presteremo noi gratuitamente)<br \/>\n\u2013 ore 12:30 pausa pranzo<br \/>\n\u2013 ore 14.00 ripresa lavori<br \/>\n\u2013 ore 17:00 termine evento<\/p>\n<hr \/>\n<\/div>\n<\/div>\n<\/div>\n<div class='content-column one_third'><div style=\"padding:20px 20px 20px 20px;\"><span style=\"color: #ff9900;\"><strong>\u2022 Lezione\u00a0<\/strong><\/span><\/p>\n<p><img loading=\"lazy\" decoding=\"async\" class=\"alignleft size-full wp-image-25428\" src=\"https:\/\/www.digitalcameraschool.it\/home\/wp-content\/uploads\/2021\/08\/001.jpg\" alt=\"\" width=\"300\" height=\"199\" \/><br \/>\n<strong>COMUNICARE CON LE IMMAGINI<\/strong><br \/>\nUn\u2019introduzione all\u2019approccio fotogra\ufb01co e sulla fotogra\ufb01a come processo comunicativo. Ultima parte dedicata al confronto tra la fotogra\ufb01a e la ripresa video.<\/div><\/div>\n<div class='content-column one_third'><div style=\"padding:20px 20px 20px 20px;\"><span style=\"color: #ff9900;\"><strong>\u2022 Lezione\u00a0<\/strong><\/span><\/p>\n<p><img loading=\"lazy\" decoding=\"async\" class=\"alignleft size-full wp-image-25430\" src=\"https:\/\/www.digitalcameraschool.it\/home\/wp-content\/uploads\/2021\/08\/002.jpg\" alt=\"\" width=\"300\" height=\"199\" \/><br \/>\n<strong>COMPOSIZIONE<\/strong><br \/>\nCome rendere pi\u00f9 accattivanti ed ef\ufb01caci le nostre immagini attraverso la geometria basilare: punti, linee, vettori, poligoni. Tanti esempi chiari e stimolanti.<\/div><\/div>\n<div class='content-column one_third last_column'><div style=\"padding:20px 20px 20px 20px;\"><strong><span style=\"color: #ff9900;\">\u2022 Lezione\u00a0\u00a0<\/span><\/strong><\/p>\n<p><strong><img loading=\"lazy\" decoding=\"async\" class=\"alignleft wp-image-25435 size-full\" src=\"https:\/\/www.digitalcameraschool.it\/home\/wp-content\/uploads\/2021\/08\/003.jpg\" alt=\"\" width=\"300\" height=\"199\" \/><br \/>\nLA MACCHINA E LA TECNICA<\/strong><br \/>\nI diversi tipi di macchina fotogra\ufb01ca. Come funziona una macchina re\ufb02ex. Il triangolo espositivo (iso-tempo-diaframmi) con esempi pratici e prove in diretta.<\/div><\/div><div class='clear_column'><\/div>\n<div class='content-column one_third'><div style=\"padding:20px 20px 20px 20px;\"><span style=\"color: #ff9900;\"><strong>\u2022 Lezione\u00a0<\/strong><\/span><\/p>\n<p><img loading=\"lazy\" decoding=\"async\" class=\"alignleft wp-image-25432 size-full\" src=\"https:\/\/www.digitalcameraschool.it\/home\/wp-content\/uploads\/2021\/08\/006.jpg\" alt=\"\" width=\"300\" height=\"199\" \/><br \/>\n<strong>LE OTTICHE<\/strong><br \/>\nLe differenze tra i vari tipi di ottiche e le conseguenze pratiche sul risultato \ufb01nale. La profondit\u00e0 di campo e lo sfocato: come controllarli.<\/div><\/div>\n<div class='content-column one_third'><div style=\"padding:20px 20px 20px 20px;\"><span style=\"color: #ff9900;\"><strong>\u2022 Lezione\u00a0<\/strong><\/span><\/p>\n<p><img loading=\"lazy\" decoding=\"async\" class=\"alignleft size-full wp-image-25431\" src=\"https:\/\/www.digitalcameraschool.it\/home\/wp-content\/uploads\/2021\/08\/004.jpg\" alt=\"\" width=\"300\" height=\"199\" \/><br \/>\n<strong>USCITA<\/strong><br \/>\nUscita sul campo dove \u00e8 possibile mettere in pratica la teoria appresa durante le ore in aula. Proveremo inoltre diverse tecniche speciali come il panning, il controluce e la luce di riempimento.<\/div><\/div>\n<div class='content-column one_third last_column'><div style=\"padding:20px 20px 20px 20px;\"><p><span style=\"color: #ff9900;\"><strong>\u2022 Lezione<\/strong><\/span><\/p>\n<p><img loading=\"lazy\" decoding=\"async\" class=\"alignleft size-full wp-image-25433\" src=\"https:\/\/www.digitalcameraschool.it\/home\/wp-content\/uploads\/2021\/08\/007.jpg\" alt=\"\" width=\"300\" height=\"199\" \/><\/p>\n<p><strong>\u00a0 \u00a0FLASH E IL BIANCO E NERO<\/strong><br \/>\nConsigli pratici per un utilizzo ottimale del flash. Analisi del bianco e nero attraverso il lavoro di grandi autori.[\/one_third]<\/p>\n<div class='content-column one_third'><div style=\"padding:20px 20px 20px 20px;\"><span style=\"color: #ff9900;\"><strong>\u2022 Lezione\u00a0\u00a0<\/strong><\/span><\/p>\n<p><img loading=\"lazy\" decoding=\"async\" class=\"alignleft wp-image-25434 size-full\" src=\"https:\/\/www.digitalcameraschool.it\/home\/wp-content\/uploads\/2021\/08\/008.jpg\" alt=\"\" width=\"300\" height=\"200\" \/><br \/>\n<strong>POST-PRODUZIONE<\/strong><br \/>\nIntroduzione a Photoshop e alcuni programmi gratuiti; un\u2019intera lezione su come iniziare a correggere le nostre fotografia attraverso il miglior programma di post-produzione.<\/div><\/div>\n<div class='content-column one_third last_column'><\/div><div class='clear_column'><\/div><\/div><\/div><div class='clear_column'><\/div>\n<div>\n<div>\n<hr \/>\n<\/div>\n<div><strong><span style=\"color: #339966;\"><i class=\"wp-svg-signup signup\"><\/i><\/span>\u00a0 ORARI<\/strong><\/div>\n<div>\n<ul>\n<li>Gli incontri si terranno dalla 20:45 alle 22:45 circa<\/li>\n<li>Le uscite saranno di circa 3 ore<\/li>\n<\/ul>\n<hr \/>\n<\/div>\n<div class=\"o9v6fnle cxmmr5t8 oygrvhab hcukyx3x c1et5uql\" style=\"text-align: justify;\">\n<div class=\"kvgmc6g5 cxmmr5t8 oygrvhab hcukyx3x c1et5uql\">\n<div><strong><span style=\"color: #339966;\"><i class=\"wp-svg-signup signup\"><\/i><\/span>\u00a0 LUOGO DEL CORSO<\/strong><\/div>\n<ul>\n<li>Il corso si terr\u00e0 presso\u00a0 NH HOTEL Via XX Settembre, 2 La Spezia<\/li>\n<\/ul>\n<div>\n<hr \/>\n<\/div>\n<div><strong><span style=\"color: #339966;\"><i class=\"wp-svg-signup signup\"><\/i><\/span>\u00a0 IMPORTANTE<br \/>\n<\/strong><\/div>\n<ul>\n<li>Il numero di partecipanti \u00e8 limitato, cos\u00ec da consentire un&#8217;esperienza pi\u00f9 efficace e attiva.<\/li>\n<\/ul>\n<\/div>\n<\/div>\n<div>\n<hr \/>\n<\/div>\n<div>\n<p><strong><span style=\"color: #339966;\"><i class=\"wp-svg-signup signup\"><\/i><\/span>\u00a0 PAGAMENTI<\/strong><\/p>\n<p>Il versamento della quota potr\u00e0 essere effettuato il giorno del corso.<br \/>\nOppure entro 7 giorni\u00a0 prima dell&#8217;inizio del corso con Carta di Credito, Paypal oppure bonifico bancario<\/p>\n<\/div>\n<\/div>\n<\/div>\n<div>\n<div>\n<div>\n<hr \/>\n<p><b><strong><span style=\"color: #339966;\"><i class=\"wp-svg-signup signup\"><\/i> <\/span><\/strong>PREZZO DEL CORSO<\/b><\/p>\n<p>80,00 euro se si partecipa da soli<br \/>\n70,00 euro a testa se si partecipa in due o pi\u00f9 persone<\/p>\n<\/div>\n<\/div>\n<div>\n<div>\n<hr \/>\n<\/div>\n<p style=\"text-align: justify;\"><strong><span style=\"color: #339966;\"><i class=\"wp-svg-signup signup\"><\/i><\/span>\u00a0 ISCRIZIONE<\/strong><\/p>\n<ul>\n<li style=\"text-align: justify;\">Compila il form per iscriverti. Riceverai info e dettagli direttamente via mail! Se preferisci un contatto telefonico, ecco i nostri numeri:<br \/>\n&#8211; 393.9242473 (Marco)<br \/>\n&#8211; 320.1915228 (Gigi)<\/li>\n<\/ul>\n<\/div>\n<\/div>\n<p><iframe loading=\"lazy\" src=\"https:\/\/docs.google.com\/forms\/d\/e\/1FAIpQLSd210B2kaom9VDqwm-QWDkJUvoVG7M1buXiQGWdCaOej3eBFw\/viewform?embedded=true\" width=\"890\" height=\"1200\" frameborder=\"0\" marginwidth=\"0\" marginheight=\"0\">Caricamento\u2026<\/iframe><\/p>\n<\/div>\n","protected":false},"excerpt":{"rendered":"<div class=\"o9v6fnle cxmmr5t8 oygrvhab hcukyx3x c1et5uql\">\n<div class=\"kvgmc6g5 cxmmr5t8 oygrvhab hcukyx3x c1et5uql\">Il corso base \u00e8 rivolto a chi vuole compiere\u00a0<strong>i primi passi nel mondo della fotografia<\/strong>, oppure chi ha gi\u00e0 una buona pratica ma vuole\u00a0<strong>consolidare i concetti principali<\/strong>\u00a0ed arricchire la propria\u00a0<strong>conoscenza a 360\u00b0<\/strong>. Non \u00e8 obbligatorio avere una fotocamera: ne metteremo noi alcune a disposizione.<\/div>\n<\/div>\n<div><\/div>\n<div>\n<hr \/>\n<\/div>\n<div class=\"o9v6fnle cxmmr5t8 oygrvhab hcukyx3x c1et5uql\">\n<div class=\"kvgmc6g5 cxmmr5t8 oygrvhab hcukyx3x c1et5uql\">\n<div><strong><img decoding=\"async\" class=\"emoji\" role=\"img\" draggable=\"false\" src=\"https:\/\/s.w.org\/images\/core\/emoji\/16.0.1\/svg\/2705.svg\" alt=\"\u2705\" \/>\u00a0COSA IMPARERAI<\/strong><\/div>\n<div>\n<p>Al termine del corso avrai acquisito\u00a0<strong>una buona tecnica fotografica<\/strong>\u00a0(capacit\u00e0 di utilizzare la macchina<strong>\u00a0senza automatismi<\/strong>), le giuste nozioni per saper<strong>\u00a0leggere le immagini<\/strong>\u00a0ed eseguire\u00a0<strong>scatti corretti<\/strong>\u00a0e di qualit\u00e0.<\/p>\n<\/div>\n<\/div>\n<\/div>\n","protected":false},"featured_media":36488,"template":"","meta":{"pmpro_default_level":""},"product_brand":[],"product_cat":[112],"product_tag":[],"class_list":{"0":"post-36500","1":"product","2":"type-product","3":"status-publish","4":"has-post-thumbnail","6":"product_cat-corsi-base","7":"pmpro-has-access","9":"first","10":"instock","11":"virtual","12":"taxable","13":"product-type-simple"},"acf":[],"yoast_head":"<!-- This site is optimized with the Yoast SEO plugin v27.5 - https:\/\/yoast.com\/product\/yoast-seo-wordpress\/ -->\n<title>La Spezia - Corso di fotografia base  Date in definizione - Digital Camera School - Corsi di fotografia<\/title>\n<meta name=\"robots\" content=\"index, follow, max-snippet:-1, max-image-preview:large, max-video-preview:-1\" \/>\n<link rel=\"canonical\" href=\"https:\/\/www.digitalcameraschool.it\/home\/prodotto\/la-spezia-corso-di-fotografia-base\/\" \/>\n<meta property=\"og:locale\" content=\"it_IT\" \/>\n<meta property=\"og:type\" content=\"article\" \/>\n<meta property=\"og:title\" content=\"La Spezia - Corso di fotografia base  Date in definizione - Digital Camera School - Corsi di fotografia\" \/>\n<meta property=\"og:description\" content=\"Il corso base \u00e8 rivolto a chi vuole compiere\u00a0i primi passi nel mondo della fotografia, oppure chi ha gi\u00e0 una buona pratica ma vuole\u00a0consolidare i concetti principali\u00a0ed arricchire la propria\u00a0conoscenza a 360\u00b0. Non \u00e8 obbligatorio avere una fotocamera: ne metteremo noi alcune a disposizione.          \u00a0COSA IMPARERAI   Al termine del corso avrai acquisito\u00a0una buona tecnica fotografica\u00a0(capacit\u00e0 di utilizzare la macchina\u00a0senza automatismi), le giuste nozioni per saper\u00a0leggere le immagini\u00a0ed eseguire\u00a0scatti corretti\u00a0e di qualit\u00e0.\" \/>\n<meta property=\"og:url\" content=\"https:\/\/www.digitalcameraschool.it\/home\/prodotto\/la-spezia-corso-di-fotografia-base\/\" \/>\n<meta property=\"og:site_name\" content=\"Digital Camera School - Corsi di fotografia\" \/>\n<meta property=\"article:publisher\" content=\"https:\/\/www.facebook.com\/digitalcameraschool\" \/>\n<meta property=\"article:modified_time\" content=\"2026-04-10T07:19:54+00:00\" \/>\n<meta property=\"og:image\" content=\"https:\/\/www.digitalcameraschool.it\/home\/wp-content\/uploads\/2024\/06\/corsi-base9.jpg\" \/>\n\t<meta property=\"og:image:width\" content=\"1200\" \/>\n\t<meta property=\"og:image:height\" content=\"1200\" \/>\n\t<meta property=\"og:image:type\" content=\"image\/jpeg\" \/>\n<meta name=\"twitter:card\" content=\"summary_large_image\" \/>\n<meta name=\"twitter:label1\" content=\"Tempo di lettura stimato\" \/>\n\t<meta name=\"twitter:data1\" content=\"8 minuti\" \/>\n<script type=\"application\/ld+json\" class=\"yoast-schema-graph\">{\"@context\":\"https:\\\/\\\/schema.org\",\"@graph\":[{\"@type\":\"WebPage\",\"@id\":\"https:\\\/\\\/www.digitalcameraschool.it\\\/home\\\/prodotto\\\/la-spezia-corso-di-fotografia-base\\\/\",\"url\":\"https:\\\/\\\/www.digitalcameraschool.it\\\/home\\\/prodotto\\\/la-spezia-corso-di-fotografia-base\\\/\",\"name\":\"La Spezia - Corso di fotografia base Date in definizione - Digital Camera School - Corsi di fotografia\",\"isPartOf\":{\"@id\":\"https:\\\/\\\/www.digitalcameraschool.it\\\/home\\\/#website\"},\"primaryImageOfPage\":{\"@id\":\"https:\\\/\\\/www.digitalcameraschool.it\\\/home\\\/prodotto\\\/la-spezia-corso-di-fotografia-base\\\/#primaryimage\"},\"image\":{\"@id\":\"https:\\\/\\\/www.digitalcameraschool.it\\\/home\\\/prodotto\\\/la-spezia-corso-di-fotografia-base\\\/#primaryimage\"},\"thumbnailUrl\":\"https:\\\/\\\/www.digitalcameraschool.it\\\/home\\\/wp-content\\\/uploads\\\/2024\\\/06\\\/corsi-base9.jpg\",\"datePublished\":\"2024-06-10T08:37:41+00:00\",\"dateModified\":\"2026-04-10T07:19:54+00:00\",\"breadcrumb\":{\"@id\":\"https:\\\/\\\/www.digitalcameraschool.it\\\/home\\\/prodotto\\\/la-spezia-corso-di-fotografia-base\\\/#breadcrumb\"},\"inLanguage\":\"it-IT\",\"potentialAction\":[{\"@type\":\"ReadAction\",\"target\":[\"https:\\\/\\\/www.digitalcameraschool.it\\\/home\\\/prodotto\\\/la-spezia-corso-di-fotografia-base\\\/\"]}]},{\"@type\":\"ImageObject\",\"inLanguage\":\"it-IT\",\"@id\":\"https:\\\/\\\/www.digitalcameraschool.it\\\/home\\\/prodotto\\\/la-spezia-corso-di-fotografia-base\\\/#primaryimage\",\"url\":\"https:\\\/\\\/www.digitalcameraschool.it\\\/home\\\/wp-content\\\/uploads\\\/2024\\\/06\\\/corsi-base9.jpg\",\"contentUrl\":\"https:\\\/\\\/www.digitalcameraschool.it\\\/home\\\/wp-content\\\/uploads\\\/2024\\\/06\\\/corsi-base9.jpg\",\"width\":1200,\"height\":1200},{\"@type\":\"BreadcrumbList\",\"@id\":\"https:\\\/\\\/www.digitalcameraschool.it\\\/home\\\/prodotto\\\/la-spezia-corso-di-fotografia-base\\\/#breadcrumb\",\"itemListElement\":[{\"@type\":\"ListItem\",\"position\":1,\"name\":\"Home\",\"item\":\"https:\\\/\\\/www.digitalcameraschool.it\\\/home\\\/\"},{\"@type\":\"ListItem\",\"position\":2,\"name\":\"Shop\",\"item\":\"https:\\\/\\\/www.digitalcameraschool.it\\\/home\\\/shop\\\/\"},{\"@type\":\"ListItem\",\"position\":3,\"name\":\"La Spezia &#8211; Corso di fotografia base Date in definizione\"}]},{\"@type\":\"WebSite\",\"@id\":\"https:\\\/\\\/www.digitalcameraschool.it\\\/home\\\/#website\",\"url\":\"https:\\\/\\\/www.digitalcameraschool.it\\\/home\\\/\",\"name\":\"Digital Camera School - Corsi di fotografia\",\"description\":\"Corsi, workshop, viaggi e molto altro!\",\"publisher\":{\"@id\":\"https:\\\/\\\/www.digitalcameraschool.it\\\/home\\\/#organization\"},\"potentialAction\":[{\"@type\":\"SearchAction\",\"target\":{\"@type\":\"EntryPoint\",\"urlTemplate\":\"https:\\\/\\\/www.digitalcameraschool.it\\\/home\\\/?s={search_term_string}\"},\"query-input\":{\"@type\":\"PropertyValueSpecification\",\"valueRequired\":true,\"valueName\":\"search_term_string\"}}],\"inLanguage\":\"it-IT\"},{\"@type\":\"Organization\",\"@id\":\"https:\\\/\\\/www.digitalcameraschool.it\\\/home\\\/#organization\",\"name\":\"Digital Camera School\",\"url\":\"https:\\\/\\\/www.digitalcameraschool.it\\\/home\\\/\",\"logo\":{\"@type\":\"ImageObject\",\"inLanguage\":\"it-IT\",\"@id\":\"https:\\\/\\\/www.digitalcameraschool.it\\\/home\\\/#\\\/schema\\\/logo\\\/image\\\/\",\"url\":\"https:\\\/\\\/www.digitalcameraschool.it\\\/home\\\/wp-content\\\/uploads\\\/2022\\\/05\\\/logo-rotondo-dcs.png\",\"contentUrl\":\"https:\\\/\\\/www.digitalcameraschool.it\\\/home\\\/wp-content\\\/uploads\\\/2022\\\/05\\\/logo-rotondo-dcs.png\",\"width\":500,\"height\":500,\"caption\":\"Digital Camera School\"},\"image\":{\"@id\":\"https:\\\/\\\/www.digitalcameraschool.it\\\/home\\\/#\\\/schema\\\/logo\\\/image\\\/\"},\"sameAs\":[\"https:\\\/\\\/www.facebook.com\\\/digitalcameraschool\",\"https:\\\/\\\/www.instagram.com\\\/digital_camera_school\\\/\",\"https:\\\/\\\/www.youtube.com\\\/c\\\/digitalcameraschool_tv\"]}]}<\/script>\n<!-- \/ Yoast SEO plugin. -->","yoast_head_json":{"title":"La Spezia - Corso di fotografia base  Date in definizione - Digital Camera School - Corsi di fotografia","robots":{"index":"index","follow":"follow","max-snippet":"max-snippet:-1","max-image-preview":"max-image-preview:large","max-video-preview":"max-video-preview:-1"},"canonical":"https:\/\/www.digitalcameraschool.it\/home\/prodotto\/la-spezia-corso-di-fotografia-base\/","og_locale":"it_IT","og_type":"article","og_title":"La Spezia - Corso di fotografia base  Date in definizione - Digital Camera School - Corsi di fotografia","og_description":"Il corso base \u00e8 rivolto a chi vuole compiere\u00a0i primi passi nel mondo della fotografia, oppure chi ha gi\u00e0 una buona pratica ma vuole\u00a0consolidare i concetti principali\u00a0ed arricchire la propria\u00a0conoscenza a 360\u00b0. Non \u00e8 obbligatorio avere una fotocamera: ne metteremo noi alcune a disposizione.          \u00a0COSA IMPARERAI   Al termine del corso avrai acquisito\u00a0una buona tecnica fotografica\u00a0(capacit\u00e0 di utilizzare la macchina\u00a0senza automatismi), le giuste nozioni per saper\u00a0leggere le immagini\u00a0ed eseguire\u00a0scatti corretti\u00a0e di qualit\u00e0.","og_url":"https:\/\/www.digitalcameraschool.it\/home\/prodotto\/la-spezia-corso-di-fotografia-base\/","og_site_name":"Digital Camera School - Corsi di fotografia","article_publisher":"https:\/\/www.facebook.com\/digitalcameraschool","article_modified_time":"2026-04-10T07:19:54+00:00","og_image":[{"width":1200,"height":1200,"url":"https:\/\/www.digitalcameraschool.it\/home\/wp-content\/uploads\/2024\/06\/corsi-base9.jpg","type":"image\/jpeg"}],"twitter_card":"summary_large_image","twitter_misc":{"Tempo di lettura stimato":"8 minuti"},"schema":{"@context":"https:\/\/schema.org","@graph":[{"@type":"WebPage","@id":"https:\/\/www.digitalcameraschool.it\/home\/prodotto\/la-spezia-corso-di-fotografia-base\/","url":"https:\/\/www.digitalcameraschool.it\/home\/prodotto\/la-spezia-corso-di-fotografia-base\/","name":"La Spezia - Corso di fotografia base Date in definizione - Digital Camera School - Corsi di fotografia","isPartOf":{"@id":"https:\/\/www.digitalcameraschool.it\/home\/#website"},"primaryImageOfPage":{"@id":"https:\/\/www.digitalcameraschool.it\/home\/prodotto\/la-spezia-corso-di-fotografia-base\/#primaryimage"},"image":{"@id":"https:\/\/www.digitalcameraschool.it\/home\/prodotto\/la-spezia-corso-di-fotografia-base\/#primaryimage"},"thumbnailUrl":"https:\/\/www.digitalcameraschool.it\/home\/wp-content\/uploads\/2024\/06\/corsi-base9.jpg","datePublished":"2024-06-10T08:37:41+00:00","dateModified":"2026-04-10T07:19:54+00:00","breadcrumb":{"@id":"https:\/\/www.digitalcameraschool.it\/home\/prodotto\/la-spezia-corso-di-fotografia-base\/#breadcrumb"},"inLanguage":"it-IT","potentialAction":[{"@type":"ReadAction","target":["https:\/\/www.digitalcameraschool.it\/home\/prodotto\/la-spezia-corso-di-fotografia-base\/"]}]},{"@type":"ImageObject","inLanguage":"it-IT","@id":"https:\/\/www.digitalcameraschool.it\/home\/prodotto\/la-spezia-corso-di-fotografia-base\/#primaryimage","url":"https:\/\/www.digitalcameraschool.it\/home\/wp-content\/uploads\/2024\/06\/corsi-base9.jpg","contentUrl":"https:\/\/www.digitalcameraschool.it\/home\/wp-content\/uploads\/2024\/06\/corsi-base9.jpg","width":1200,"height":1200},{"@type":"BreadcrumbList","@id":"https:\/\/www.digitalcameraschool.it\/home\/prodotto\/la-spezia-corso-di-fotografia-base\/#breadcrumb","itemListElement":[{"@type":"ListItem","position":1,"name":"Home","item":"https:\/\/www.digitalcameraschool.it\/home\/"},{"@type":"ListItem","position":2,"name":"Shop","item":"https:\/\/www.digitalcameraschool.it\/home\/shop\/"},{"@type":"ListItem","position":3,"name":"La Spezia &#8211; Corso di fotografia base Date in definizione"}]},{"@type":"WebSite","@id":"https:\/\/www.digitalcameraschool.it\/home\/#website","url":"https:\/\/www.digitalcameraschool.it\/home\/","name":"Digital Camera School - Corsi di fotografia","description":"Corsi, workshop, viaggi e molto altro!","publisher":{"@id":"https:\/\/www.digitalcameraschool.it\/home\/#organization"},"potentialAction":[{"@type":"SearchAction","target":{"@type":"EntryPoint","urlTemplate":"https:\/\/www.digitalcameraschool.it\/home\/?s={search_term_string}"},"query-input":{"@type":"PropertyValueSpecification","valueRequired":true,"valueName":"search_term_string"}}],"inLanguage":"it-IT"},{"@type":"Organization","@id":"https:\/\/www.digitalcameraschool.it\/home\/#organization","name":"Digital Camera School","url":"https:\/\/www.digitalcameraschool.it\/home\/","logo":{"@type":"ImageObject","inLanguage":"it-IT","@id":"https:\/\/www.digitalcameraschool.it\/home\/#\/schema\/logo\/image\/","url":"https:\/\/www.digitalcameraschool.it\/home\/wp-content\/uploads\/2022\/05\/logo-rotondo-dcs.png","contentUrl":"https:\/\/www.digitalcameraschool.it\/home\/wp-content\/uploads\/2022\/05\/logo-rotondo-dcs.png","width":500,"height":500,"caption":"Digital Camera School"},"image":{"@id":"https:\/\/www.digitalcameraschool.it\/home\/#\/schema\/logo\/image\/"},"sameAs":["https:\/\/www.facebook.com\/digitalcameraschool","https:\/\/www.instagram.com\/digital_camera_school\/","https:\/\/www.youtube.com\/c\/digitalcameraschool_tv"]}]}},"_links":{"self":[{"href":"https:\/\/www.digitalcameraschool.it\/home\/wp-json\/wp\/v2\/product\/36500","targetHints":{"allow":["GET"]}}],"collection":[{"href":"https:\/\/www.digitalcameraschool.it\/home\/wp-json\/wp\/v2\/product"}],"about":[{"href":"https:\/\/www.digitalcameraschool.it\/home\/wp-json\/wp\/v2\/types\/product"}],"wp:featuredmedia":[{"embeddable":true,"href":"https:\/\/www.digitalcameraschool.it\/home\/wp-json\/wp\/v2\/media\/36488"}],"wp:attachment":[{"href":"https:\/\/www.digitalcameraschool.it\/home\/wp-json\/wp\/v2\/media?parent=36500"}],"wp:term":[{"taxonomy":"product_brand","embeddable":true,"href":"https:\/\/www.digitalcameraschool.it\/home\/wp-json\/wp\/v2\/product_brand?post=36500"},{"taxonomy":"product_cat","embeddable":true,"href":"https:\/\/www.digitalcameraschool.it\/home\/wp-json\/wp\/v2\/product_cat?post=36500"},{"taxonomy":"product_tag","embeddable":true,"href":"https:\/\/www.digitalcameraschool.it\/home\/wp-json\/wp\/v2\/product_tag?post=36500"}],"curies":[{"name":"wp","href":"https:\/\/api.w.org\/{rel}","templated":true}]}}