{"id":30797,"date":"2023-05-15T11:04:32","date_gmt":"2023-05-15T09:04:32","guid":{"rendered":"https:\/\/www.digitalcameraschool.it\/home\/?post_type=product&#038;p=30797"},"modified":"2024-10-23T19:12:25","modified_gmt":"2024-10-23T17:12:25","slug":"corso-fotografia-base-san-giuliano-milanese","status":"publish","type":"product","link":"https:\/\/www.digitalcameraschool.it\/home\/prodotto\/corso-fotografia-base-san-giuliano-milanese\/","title":{"rendered":"San Giuliano Milanese corso di fotografia base <br>  date da definire"},"content":{"rendered":"<div class=\"o9v6fnle cxmmr5t8 oygrvhab hcukyx3x c1et5uql\">\n<div class=\"kvgmc6g5 cxmmr5t8 oygrvhab hcukyx3x c1et5uql\"><img loading=\"lazy\" decoding=\"async\" class=\"alignnone wp-image-25394 size-full\" src=\"https:\/\/www.digitalcameraschool.it\/home\/wp-content\/uploads\/2021\/08\/Sito-web6.jpg\" alt=\"\" width=\"1348\" height=\"500\" srcset=\"https:\/\/www.digitalcameraschool.it\/home\/wp-content\/uploads\/2021\/08\/Sito-web6.jpg 1348w, https:\/\/www.digitalcameraschool.it\/home\/wp-content\/uploads\/2021\/08\/Sito-web6-600x223.jpg 600w, https:\/\/www.digitalcameraschool.it\/home\/wp-content\/uploads\/2021\/08\/Sito-web6-300x111.jpg 300w, https:\/\/www.digitalcameraschool.it\/home\/wp-content\/uploads\/2021\/08\/Sito-web6-1024x380.jpg 1024w, https:\/\/www.digitalcameraschool.it\/home\/wp-content\/uploads\/2021\/08\/Sito-web6-768x285.jpg 768w\" sizes=\"auto, (max-width: 1348px) 100vw, 1348px\" \/><\/div>\n<\/div>\n<div>\n<div><\/div>\n<div style=\"text-align: justify;\">\n<hr \/>\n<\/div>\n<div class=\"o9v6fnle cxmmr5t8 oygrvhab hcukyx3x c1et5uql\" style=\"text-align: justify;\">\n<div class=\"kvgmc6g5 cxmmr5t8 oygrvhab hcukyx3x c1et5uql\">\n<div><strong><span style=\"color: #339966;\"><i class=\"wp-svg-signup signup\"><\/i> <\/span>COSA IMPARERAI<\/strong><\/div>\n<div>\n<p>Al termine del corso avrai acquisito <strong>una buona tecnica fotografica<\/strong> (capacit\u00e0 di utilizzare la macchina<strong> senza automatismi<\/strong>), le giuste nozioni per saper<strong> leggere le immagini<\/strong> ed eseguire <strong>scatti corretti<\/strong> e di qualit\u00e0.<\/p>\n<ul>\n<li>Comporre in modo efficace\u00a0 le nostre fotografie<\/li>\n<li>Come comunicare al meglio con le immagini<\/li>\n<li>Staccarsi dal fotografare in modalit\u00e0 Auto e passare al pieno controllo in Manuale<\/li>\n<li>Scegliere la giusta ottica<\/li>\n<li>Gestione della profondit\u00e0 di campo (sfondo Sfuocato, sfondo Nitido)<\/li>\n<li>ISO &#8211; TEMPI &#8211; DIAFRAMMI: la corretta impostazione<\/li>\n<li>Esposimetro<\/li>\n<li>Il bilanciamento del Bianco<\/li>\n<li>Quale scheda SD acquistare e come orientarsi<\/li>\n<li>Realizzare immagini con effetto seta e scie delle macchine (lunghe esposizioni)<\/li>\n<li>La tecnica del panning<\/li>\n<li>Come realizzare silhouette perfette<\/li>\n<li>I filtri fotografici<\/li>\n<li>Il flash a slitta e il flash integrato<\/li>\n<li>Le inquadrature del ritratto<\/li>\n<li>Post-produzione<\/li>\n<li>Grandi autrici\/autori del passato e del presente<\/li>\n<\/ul>\n<p><img loading=\"lazy\" decoding=\"async\" class=\"aligncenter wp-image-25391 size-full\" src=\"https:\/\/www.digitalcameraschool.it\/home\/wp-content\/uploads\/2021\/08\/Sito-web3.jpg\" alt=\"\" width=\"1348\" height=\"500\" srcset=\"https:\/\/www.digitalcameraschool.it\/home\/wp-content\/uploads\/2021\/08\/Sito-web3.jpg 1348w, https:\/\/www.digitalcameraschool.it\/home\/wp-content\/uploads\/2021\/08\/Sito-web3-600x223.jpg 600w, https:\/\/www.digitalcameraschool.it\/home\/wp-content\/uploads\/2021\/08\/Sito-web3-300x111.jpg 300w, https:\/\/www.digitalcameraschool.it\/home\/wp-content\/uploads\/2021\/08\/Sito-web3-1024x380.jpg 1024w, https:\/\/www.digitalcameraschool.it\/home\/wp-content\/uploads\/2021\/08\/Sito-web3-768x285.jpg 768w\" sizes=\"auto, (max-width: 1348px) 100vw, 1348px\" \/><\/p>\n<\/div>\n<div><\/div>\n<div>\n<hr \/>\n<p><strong><span style=\"color: #339966;\"><i class=\"wp-svg-signup signup\"><\/i><\/span>\u00a0 METODO<\/strong><br \/>\nIl nostro intento \u00e8 quello di <strong>insegnare col sorriso<\/strong>, senza pesantezza. Il metodo prevede l\u2019utilizzo di <strong>molte immagini<\/strong>, cos\u00ec da rendere l\u2019esperienza il pi\u00f9 <strong>coinvolgente<\/strong> possibile. Durante le lezioni vengono assegnati dei piccoli ma stimolanti compiti facoltativi da compiere a casa, utili per iniziare a prendere la mano col mezzo fotografico. Molto apprezzata \u00e8 la possibilit\u00e0 di <strong>recuperare le eventuali lezioni saltate<\/strong>, con un video che ti sar\u00e0 inviato o in aula. Al termine del corso viene rilasciato sia un <strong>attestato<\/strong> di partecipazione sia una dispensa riassuntiva.<\/p>\n<p><img loading=\"lazy\" decoding=\"async\" class=\"aligncenter wp-image-25395 size-full\" src=\"https:\/\/www.digitalcameraschool.it\/home\/wp-content\/uploads\/2021\/08\/Sito-web7.jpg\" alt=\"\" width=\"1348\" height=\"500\" srcset=\"https:\/\/www.digitalcameraschool.it\/home\/wp-content\/uploads\/2021\/08\/Sito-web7.jpg 1348w, https:\/\/www.digitalcameraschool.it\/home\/wp-content\/uploads\/2021\/08\/Sito-web7-600x223.jpg 600w, https:\/\/www.digitalcameraschool.it\/home\/wp-content\/uploads\/2021\/08\/Sito-web7-300x111.jpg 300w, https:\/\/www.digitalcameraschool.it\/home\/wp-content\/uploads\/2021\/08\/Sito-web7-1024x380.jpg 1024w, https:\/\/www.digitalcameraschool.it\/home\/wp-content\/uploads\/2021\/08\/Sito-web7-768x285.jpg 768w\" sizes=\"auto, (max-width: 1348px) 100vw, 1348px\" \/><\/p>\n<\/div>\n<div><\/div>\n<div>\n<hr \/>\n<div class='content-column one_third'><div style=\"padding:20px 20px 20px 20px;\"><img loading=\"lazy\" decoding=\"async\" class=\"aligncenter wp-image-25417\" src=\"https:\/\/www.digitalcameraschool.it\/home\/wp-content\/uploads\/2021\/08\/immagini2.png\" alt=\"\" width=\"250\" height=\"250\" srcset=\"https:\/\/www.digitalcameraschool.it\/home\/wp-content\/uploads\/2021\/08\/immagini2.png 300w, https:\/\/www.digitalcameraschool.it\/home\/wp-content\/uploads\/2021\/08\/immagini2-100x100.png 100w, https:\/\/www.digitalcameraschool.it\/home\/wp-content\/uploads\/2021\/08\/immagini2-150x150.png 150w\" sizes=\"auto, (max-width: 250px) 100vw, 250px\" \/><\/p>\n<h3 style=\"text-align: center;\"><span style=\"color: #ff9900;\">NON HAI LA FOTOCAMERA?<\/span><\/h3>\n<p style=\"text-align: center;\">Nessun problema! Abbiamo le nostre fotocamere da prestarti!<\/p>\n<p style=\"text-align: center;\"><\/div><\/div>\n<div class='content-column one_third'><div style=\"padding:20px 20px 20px 20px;\"><img loading=\"lazy\" decoding=\"async\" class=\"aligncenter wp-image-25418\" src=\"https:\/\/www.digitalcameraschool.it\/home\/wp-content\/uploads\/2021\/08\/recupero.png\" alt=\"\" width=\"250\" height=\"250\" srcset=\"https:\/\/www.digitalcameraschool.it\/home\/wp-content\/uploads\/2021\/08\/recupero.png 300w, https:\/\/www.digitalcameraschool.it\/home\/wp-content\/uploads\/2021\/08\/recupero-100x100.png 100w, https:\/\/www.digitalcameraschool.it\/home\/wp-content\/uploads\/2021\/08\/recupero-150x150.png 150w\" sizes=\"auto, (max-width: 250px) 100vw, 250px\" \/><\/p>\n<h3 style=\"text-align: center;\"><span style=\"color: #ff9900;\">HAI SALTATO UNA LEZIONE?<\/span><\/h3>\n<p style=\"text-align: center;\">Puoi recuperarla! O tramite un video che ti sar\u00e0 inviato oppure in aula!<\/p><\/div><\/div>\n<div class='content-column one_third last_column'><div style=\"padding:20px 20px 20px 20px;\"><img loading=\"lazy\" decoding=\"async\" class=\"aligncenter wp-image-25422\" src=\"https:\/\/www.digitalcameraschool.it\/home\/wp-content\/uploads\/2021\/08\/dispense.png\" alt=\"\" width=\"250\" height=\"250\" srcset=\"https:\/\/www.digitalcameraschool.it\/home\/wp-content\/uploads\/2021\/08\/dispense.png 300w, https:\/\/www.digitalcameraschool.it\/home\/wp-content\/uploads\/2021\/08\/dispense-100x100.png 100w, https:\/\/www.digitalcameraschool.it\/home\/wp-content\/uploads\/2021\/08\/dispense-150x150.png 150w\" sizes=\"auto, (max-width: 250px) 100vw, 250px\" \/><\/p>\n<h3 style=\"text-align: center;\"><span style=\"color: #ff9900;\">DISPENSA RIASSUNTIVA<\/span><\/h3>\n<p style=\"text-align: center;\">In modo da poter consultare, finito il corso, i concetti acquisiti.<\/p><\/div><\/div><div class='clear_column'><\/div>\n<div class='content-column one_third'><div style=\"padding:20px 20px 20px 20px;\"><img loading=\"lazy\" decoding=\"async\" class=\"aligncenter wp-image-25420\" src=\"https:\/\/www.digitalcameraschool.it\/home\/wp-content\/uploads\/2021\/08\/attestato.png\" alt=\"\" width=\"250\" height=\"250\" srcset=\"https:\/\/www.digitalcameraschool.it\/home\/wp-content\/uploads\/2021\/08\/attestato.png 300w, https:\/\/www.digitalcameraschool.it\/home\/wp-content\/uploads\/2021\/08\/attestato-100x100.png 100w, https:\/\/www.digitalcameraschool.it\/home\/wp-content\/uploads\/2021\/08\/attestato-150x150.png 150w\" sizes=\"auto, (max-width: 250px) 100vw, 250px\" \/><\/p>\n<h3 style=\"text-align: center;\"><span style=\"color: #ff9900;\">ATTESTATO<\/span><\/h3>\n<p style=\"text-align: center;\">Un ricordo da conservare o appendere e mostrare agli amici.<\/p>\n<p style=\"text-align: center;\"><\/div><\/div>\n<div class='content-column one_third'><div style=\"padding:20px 20px 20px 20px;\"><img loading=\"lazy\" decoding=\"async\" class=\"aligncenter wp-image-25419\" src=\"https:\/\/www.digitalcameraschool.it\/home\/wp-content\/uploads\/2021\/08\/video.png\" alt=\"\" width=\"250\" height=\"250\" srcset=\"https:\/\/www.digitalcameraschool.it\/home\/wp-content\/uploads\/2021\/08\/video.png 300w, https:\/\/www.digitalcameraschool.it\/home\/wp-content\/uploads\/2021\/08\/video-100x100.png 100w, https:\/\/www.digitalcameraschool.it\/home\/wp-content\/uploads\/2021\/08\/video-150x150.png 150w\" sizes=\"auto, (max-width: 250px) 100vw, 250px\" \/><\/p>\n<h3 style=\"text-align: center;\"><span style=\"color: #ff9900;\">DIVERSI VIDEO-TUTORIAL<\/span><\/h3>\n<p style=\"text-align: center;\">Per approfondire alcuni argomenti o affrontarne di nuovi!<\/p><\/div><\/div>\n<div class='content-column one_third last_column'><div style=\"padding:20px 20px 20px 20px;\"><img loading=\"lazy\" decoding=\"async\" class=\"aligncenter wp-image-25421\" src=\"https:\/\/www.digitalcameraschool.it\/home\/wp-content\/uploads\/2021\/08\/fidelity.png\" alt=\"\" width=\"250\" height=\"250\" srcset=\"https:\/\/www.digitalcameraschool.it\/home\/wp-content\/uploads\/2021\/08\/fidelity.png 300w, https:\/\/www.digitalcameraschool.it\/home\/wp-content\/uploads\/2021\/08\/fidelity-100x100.png 100w, https:\/\/www.digitalcameraschool.it\/home\/wp-content\/uploads\/2021\/08\/fidelity-150x150.png 150w\" sizes=\"auto, (max-width: 250px) 100vw, 250px\" \/><\/p>\n<h3 style=\"text-align: center;\"><span style=\"color: #ff9900;\">AREA RISERVATA<\/span><\/h3>\n<p style=\"text-align: center;\">Un luogo virtuale dove trovare ulteriore materiale!<\/p><\/div><\/div><div class='clear_column'><\/div>\n<hr \/>\n<p><strong><span style=\"color: #339966;\"><i class=\"wp-svg-signup signup\"><\/i><\/span>\u00a0 CALENDARIO<\/strong><\/p>\n<div class=\"x1n2onr6\" role=\"row\">\n<div class=\"\">\n<div class=\"x78zum5 xdt5ytf x1n2onr6\" tabindex=\"-1\" role=\"gridcell\" data-release-focus-from=\"CLICK\" data-scope=\"messages_table\">\n<div class=\"x78zum5\" role=\"none\">\n<div class=\"x78zum5 x1iyjqo2 xs83m0k xeuugli x15zctf7\" role=\"none\">\n<div class=\"x1h91t0o xkh2ocl x78zum5 xdt5ytf x13a6bvl x1r145dm\" role=\"none\">\n<div class=\"x1qjc9v5 x972fbf xcfux6l x1qhh985 xm0m39n x9f619 x78zum5 xdt5ytf x2lah0s xk390pu xdj266r x11i5rnm xat24cr x1mh8g0r xexx8yu x4uap5 x18d9i69 xkhd6sd x1n2onr6 xggy1nq x11njtxf\" tabindex=\"0\" role=\"button\" aria-label=\"Double tap to like\">\n<div class=\"x78zum5 xh8yej3\" role=\"none\">\n<div class=\"x78zum5 xdt5ytf x193iq5w x1n2onr6 xuk3077\">\n<div class=\"x78zum5 xh8yej3\" role=\"none\">\n<div class=\"x1tlxs6b x1gn5b1j x230xth x14ctfv x1okitfd x6ikm8r x10wlt62 x1mzt3pk x1y1aw1k xn6708d xwib8y2 x1ye3gou x1n2onr6 x13faqbe x1vjfegm x1yr5g0i\" role=\"none\">\n<div class=\"x9f619 x1n2onr6 x1ja2u2z\" role=\"none\">\n<div class=\"x6prxxf x1fc57z9 x1yc453h x126k92a x14ctfv\" dir=\"auto\" role=\"none\">\n<h2><span style=\"color: #000000;\"><b>date da definire<\/b><\/span><\/h2>\n<\/div>\n<\/div>\n<\/div>\n<\/div>\n<\/div>\n<\/div>\n<\/div>\n<\/div>\n<\/div>\n<\/div>\n<\/div>\n<\/div>\n<div role=\"gridcell\">\n<div class=\"x1i10hfl x1qjc9v5 xjqpnuy xa49m3k xqeqjp1 x2hbi6w x13fuv20 xu3j5b3 x1q0q8m5 x26u7qi x972fbf xcfux6l x1qhh985 xm0m39n x9f619 x1ypdohk xdl72j9 x2lah0s xe8uvvx xdj266r x11i5rnm xat24cr x1mh8g0r x2lwn1j xeuugli x16tdsg8 x1hl2dhg xggy1nq x1t137rt x3nfvp2 x1q0g3np x87ps6o x1lku1pv x1a2a7pz __fb-dark-mode x1h0vfkc x1lq5wgf xgqcy7u x30kzoy x9jhf4c x152obne xlr8s2x xz9dl7a xn6708d xsag5q8 x1ye3gou x1qiirwl x105ttfm x1vjfegm xzpqnlu x1hyvwdk xjm9jq1 x6ikm8r x10wlt62 x10l6tqk x1i1rx1s\" tabindex=\"-1\" role=\"button\" aria-label=\"Dettagli e azioni\">\n<div class=\"x1o1ewxj x3x9cwd x1e5q0jg x13rtm0m x1ey2m1c xds687c xg01cxk x47corl x10l6tqk x17qophe x13vifvy x1ebt8du x19991ni x1dhq9h\" data-visualcompletion=\"ignore\"><\/div>\n<\/div>\n<\/div>\n<\/div>\n<p>Le date delle uscite saranno definite in aula con il gruppo<\/p>\n<hr \/>\n<p><iframe loading=\"lazy\" title=\"Presentazione Corso Base DCS\" width=\"640\" height=\"360\" src=\"https:\/\/www.youtube.com\/embed\/4dAY4yXbAmY?feature=oembed\" frameborder=\"0\" allow=\"accelerometer; autoplay; clipboard-write; encrypted-media; gyroscope; picture-in-picture; web-share\" referrerpolicy=\"strict-origin-when-cross-origin\" allowfullscreen><\/iframe><\/p>\n<\/div>\n<\/div>\n<\/div>\n<div class='content-column one_third'><div style=\"padding:20px 20px 20px 20px;\"><span style=\"color: #ff9900;\"><strong>\u2022 Lezione 01<\/strong><\/span><\/p>\n<p><img loading=\"lazy\" decoding=\"async\" class=\"alignleft size-full wp-image-25428\" src=\"https:\/\/www.digitalcameraschool.it\/home\/wp-content\/uploads\/2021\/08\/001.jpg\" alt=\"\" width=\"300\" height=\"199\" \/><br \/>\n<strong>COMUNICARE CON LE IMMAGINI<\/strong><br \/>\nUn\u2019introduzione all\u2019approccio fotogra\ufb01co e sulla fotogra\ufb01a come processo comunicativo. Ultima parte dedicata al confronto tra la fotogra\ufb01a e la ripresa video.<\/div><\/div>\n<div class='content-column one_third'><div style=\"padding:20px 20px 20px 20px;\"><span style=\"color: #ff9900;\"><strong>\u2022 Lezione 02<\/strong><\/span><\/p>\n<p><img loading=\"lazy\" decoding=\"async\" class=\"alignleft size-full wp-image-25430\" src=\"https:\/\/www.digitalcameraschool.it\/home\/wp-content\/uploads\/2021\/08\/002.jpg\" alt=\"\" width=\"300\" height=\"199\" \/><br \/>\n<strong>COMPOSIZIONE<\/strong><br \/>\nCome rendere pi\u00f9 accattivanti ed ef\ufb01caci le nostre immagini attraverso la geometria basilare: punti, linee, vettori, poligoni. Tanti esempi chiari e stimolanti.<\/div><\/div>\n<div class='content-column one_third last_column'><div style=\"padding:20px 20px 20px 20px;\"><strong><span style=\"color: #ff9900;\">\u2022 Lezione 03<\/span><\/strong><\/p>\n<p><strong><img loading=\"lazy\" decoding=\"async\" class=\"alignleft wp-image-25435 size-full\" src=\"https:\/\/www.digitalcameraschool.it\/home\/wp-content\/uploads\/2021\/08\/003.jpg\" alt=\"\" width=\"300\" height=\"199\" \/><br \/>\nLA MACCHINA E LA TECNICA<\/strong><br \/>\nI diversi tipi di macchina fotogra\ufb01ca. Come funziona una macchina re\ufb02ex. Il triangolo espositivo (iso-tempo-diaframmi) con esempi pratici e prove in diretta.<\/div><\/div><div class='clear_column'><\/div>\n<div class='content-column one_third'><div style=\"padding:20px 20px 20px 20px;\"><span style=\"color: #ff9900;\"><strong>\u2022 Lezione 04<\/strong><\/span><\/p>\n<p><img loading=\"lazy\" decoding=\"async\" class=\"alignleft wp-image-25432 size-full\" src=\"https:\/\/www.digitalcameraschool.it\/home\/wp-content\/uploads\/2021\/08\/006.jpg\" alt=\"\" width=\"300\" height=\"199\" \/><br \/>\n<strong>LE OTTICHE<\/strong><br \/>\nLe differenze tra i vari tipi di ottiche e le conseguenze pratiche sul risultato \ufb01nale. La profondit\u00e0 di campo e lo sfocato: come controllarli.<\/div><\/div>\n<div class='content-column one_third'><div style=\"padding:20px 20px 20px 20px;\"><span style=\"color: #ff9900;\"><strong>\u2022 Lezione 05<\/strong><\/span><\/p>\n<p><img loading=\"lazy\" decoding=\"async\" class=\"alignleft size-full wp-image-25431\" src=\"https:\/\/www.digitalcameraschool.it\/home\/wp-content\/uploads\/2021\/08\/004.jpg\" alt=\"\" width=\"300\" height=\"199\" \/><br \/>\n<strong>USCITA<\/strong><br \/>\nUscita sul campo dove \u00e8 possibile mettere in pratica la teoria appresa durante le ore in aula. Proveremo inoltre diverse tecniche speciali come il panning, il controluce e la luce di riempimento.<\/div><\/div>\n<div class='content-column one_third last_column'><div style=\"padding:20px 20px 20px 20px;\"><span style=\"color: #ff9900;\"><strong>\u2022 Lezione 06<\/strong><\/span><\/p>\n<p><img loading=\"lazy\" decoding=\"async\" class=\"alignleft wp-image-25429 size-full\" src=\"https:\/\/www.digitalcameraschool.it\/home\/wp-content\/uploads\/2021\/08\/005.jpg\" alt=\"\" width=\"300\" height=\"199\" \/><br \/>\n<strong>USCITA NOTTURNA<\/strong><br \/>\nQuesta lezione vale come un vero e proprio workshop. Impareremo ad utilizzare la macchina con le lunghe esposizioni, catturando le scie delle macchine, provando la tecnica del light painting e l\u2019utilizzo creativo del flash.<\/div><\/div><div class='clear_column'><\/div>\n<div class='content-column one_third'><div style=\"padding:20px 20px 20px 20px;\"><span style=\"color: #ff9900;\"><strong>\u2022 Lezione 07<\/strong><\/span><\/p>\n<p><img loading=\"lazy\" decoding=\"async\" class=\"alignleft size-full wp-image-25433\" src=\"https:\/\/www.digitalcameraschool.it\/home\/wp-content\/uploads\/2021\/08\/007.jpg\" alt=\"\" width=\"300\" height=\"199\" \/><\/p>\n<p><strong>\u00a0 \u00a0FLASH E IL BIANCO E NERO<\/strong><br \/>\nConsigli pratici per un utilizzo ottimale del flash. Analisi del bianco e nero attraverso il lavoro di grandi autori.<\/div><\/div>\n<div class='content-column one_third'><div style=\"padding:20px 20px 20px 20px;\"><span style=\"color: #ff9900;\"><strong>\u2022 Lezione 08<\/strong><\/span><\/p>\n<p><img loading=\"lazy\" decoding=\"async\" class=\"alignleft wp-image-25434 size-full\" src=\"https:\/\/www.digitalcameraschool.it\/home\/wp-content\/uploads\/2021\/08\/008.jpg\" alt=\"\" width=\"300\" height=\"200\" \/><br \/>\n<strong>POST-PRODUZIONE<\/strong><br \/>\nIntroduzione a Photoshop e alcuni programmi gratuiti; un\u2019intera lezione su come iniziare a correggere le nostre fotografia attraverso il miglior programma di post-produzione.<\/div><\/div>\n<div class='content-column one_third last_column'><\/div><div class='clear_column'><\/div>\n<div>\n<div>\n<hr \/>\n<\/div>\n<div><strong><span style=\"color: #339966;\"><i class=\"wp-svg-signup signup\"><\/i><\/span>\u00a0 ORARI<\/strong><\/div>\n<div>\n<ul>\n<li>Gli incontri si terranno dalla 20:45 alle 22:45 circa<\/li>\n<li>Le uscite saranno di circa 3 ore<\/li>\n<\/ul>\n<hr \/>\n<\/div>\n<div class=\"o9v6fnle cxmmr5t8 oygrvhab hcukyx3x c1et5uql\" style=\"text-align: justify;\">\n<div class=\"kvgmc6g5 cxmmr5t8 oygrvhab hcukyx3x c1et5uql\">\n<div><strong><span style=\"color: #339966;\"><i class=\"wp-svg-signup signup\"><\/i><\/span>\u00a0 LUOGO DEL CORSO<\/strong><\/div>\n<ul>\n<li>Il corso si terr\u00e0 presso S-COOL Via Cristoforo Colombo, 1\/3 SAN GIULIANO MILANESE<\/li>\n<\/ul>\n<div>\n<hr \/>\n<\/div>\n<div><strong><span style=\"color: #339966;\"><i class=\"wp-svg-signup signup\"><\/i><\/span>\u00a0 IMPORTANTE<br \/>\n<\/strong><\/div>\n<ul>\n<li>Il numero di partecipanti \u00e8 limitato, cos\u00ec da consentire un&#8217;esperienza pi\u00f9 efficace e attiva.<\/li>\n<\/ul>\n<\/div>\n<\/div>\n<div>\n<hr \/>\n<\/div>\n<div>\n<p><strong><span style=\"color: #339966;\"><i class=\"wp-svg-signup signup\"><\/i><\/span>\u00a0 PAGAMENTI<\/strong><\/p>\n<p>Il versamento della quota potr\u00e0 essere effettuato il giorno del corso.<br \/>\nOppure entro 7 giorni\u00a0 prima dell&#8217;inizio del corso con Carta di Credito, Paypal oppure bonifico bancario.<\/p>\n<hr \/>\n<p><b><strong><span style=\"color: #339966;\"><i class=\"wp-svg-signup signup\"><\/i> <\/span><\/strong>PREZZO DEL CORSO<\/b><\/p>\n<p>80,00 euro se si partecipa da soli<br \/>\n70,00 euro a testa se si partecipa in due o pi\u00f9 persone<\/p>\n<hr \/>\n<\/div>\n<\/div>\n<hr \/>\n<p><strong><span style=\"color: #339966;\"><i class=\"wp-svg-signup signup\"><\/i> <\/span>FAQ<\/strong><\/p>\n\t\t\t\t\t\t<style>\n\t\t\t\t<style>\n#wpsm_accordion_25436 .wpsm_panel-heading{\n\tpadding:0px !important;\n}\n#wpsm_accordion_25436 .wpsm_panel-title {\n\tmargin:0px !important; \n\ttext-transform:none !important;\n\tline-height: 1 !important;\n}\n#wpsm_accordion_25436 .wpsm_panel-title a{\n\ttext-decoration:none;\n\toverflow:hidden;\n\tdisplay:block;\n\tpadding:0px;\n\tfont-size: 18px !important;\n\tfont-family: Helvetica !important;\n\tcolor:#000000 !important;\n\tborder-bottom:0px !important;\n}\n\n#wpsm_accordion_25436 .wpsm_panel-title a:focus {\noutline: 0px !important;\n}\n\n#wpsm_accordion_25436 .wpsm_panel-title a:hover, #wpsm_accordion_25436 .wpsm_panel-title a:focus {\n\tcolor:#000000 !important;\n}\n#wpsm_accordion_25436 .acc-a{\n\tcolor: #000000 !important;\n\tbackground-color:#ff9900 !important;\n\tborder-color: #ddd;\n}\n#wpsm_accordion_25436 .wpsm_panel-default > .wpsm_panel-heading{\n\tcolor: #000000 !important;\n\tbackground-color: #ff9900 !important;\n\tborder-color: #ff9900 !important;\n\tborder-top-left-radius: 0px;\n\tborder-top-right-radius: 0px;\n}\n#wpsm_accordion_25436 .wpsm_panel-default {\n\t\tborder:1px solid transparent !important;\n\t}\n#wpsm_accordion_25436 {\n\tmargin-bottom: 20px;\n\toverflow: hidden;\n\tfloat: none;\n\twidth: 100%;\n\tdisplay: block;\n}\n#wpsm_accordion_25436 .ac_title_class{\n\tdisplay: block;\n\tpadding-top: 12px;\n\tpadding-bottom: 12px;\n\tpadding-left: 15px;\n\tpadding-right: 15px;\n}\n#wpsm_accordion_25436  .wpsm_panel {\n\toverflow:hidden;\n\t-webkit-box-shadow: 0 0px 0px rgba(0, 0, 0, .05);\n\tbox-shadow: 0 0px 0px rgba(0, 0, 0, .05);\n\t\tborder-radius: 4px;\n\t}\n#wpsm_accordion_25436  .wpsm_panel + .wpsm_panel {\n\t\tmargin-top: 5px;\n\t}\n#wpsm_accordion_25436  .wpsm_panel-body{\n\tbackground-color:#efefef !important;\n\tcolor:#000000 !important;\n\tborder-top-color: #ff9900 !important;\n\tfont-size:16px !important;\n\tfont-family: Helvetica !important;\n\toverflow: hidden;\n\t\tborder: 2px solid transparent !important;\n\t}\n\n#wpsm_accordion_25436 .ac_open_cl_icon{\n\tbackground-color:#ff9900 !important;\n\tcolor: #000000 !important;\n\tfloat:right !important;\n\tpadding-top: 12px !important;\n\tpadding-bottom: 12px !important;\n\tline-height: 1.0 !important;\n\tpadding-left: 15px !important;\n\tpadding-right: 15px !important;\n\tdisplay: inline-block !important;\n}\n\n\t\t\t\n\t\t\t<\/style>\t\n\t\t\t<\/style>\n\t\t\t<div class=\"wpsm_panel-group\" id=\"wpsm_accordion_25436\" >\n\t\t\t\t\t\t\t\t\n\t\t\t\t\t<!-- Inner panel Start -->\n\t\t\t\t\t<div class=\"wpsm_panel wpsm_panel-default\">\n\t\t\t\t\t\t<div class=\"wpsm_panel-heading\" role=\"tab\" >\n\t\t\t\t\t\t  <h4 class=\"wpsm_panel-title\">\n\t\t\t\t\t\t\t<a  class=\"\"  data-toggle=\"collapse\" data-parent=\"#wpsm_accordion_25436 \" href=\"javascript:void(0)\" data-target=\"#ac_25436_collapse1\" onclick=\"do_resize()\">\n\t\t\t\t\t\t\t\t\t\t\t\t\t\t\t\t\t<span class=\"ac_open_cl_icon fa fa-minus\"><\/span>\n\t\t\t\t\t\t\t\t\t\n\t\t\t\t\t\t\t\t \n\t\t\t\t\t\t\t\t<span class=\"ac_title_class\">\n\t\t\t\t\t\t\t\t\t\t\t\t\t\t\t\t\t\t\t\t<span style=\"margin-right:6px;\" class=\"fa fa-camera\"><\/span>\n\t\t\t\t\t\t\t\t\tDevo avere una macchina fotografica per frequentare il corso?\t\t\t\t\t\t\t\t<\/span>\n\t\t\t\t\t\t\t<\/a>\n\t\t\t\t\t\t  <\/h4>\n\t\t\t\t\t\t<\/div>\n\t\t\t\t\t\t<div id=\"ac_25436_collapse1\" class=\"wpsm_panel-collapse collapse in\"  >\n\t\t\t\t\t\t  <div class=\"wpsm_panel-body\">\n\t\t\t\t\t\t\tNo, non \u00e8 obbligatorio: ne abbiamo alcune nostre che diamo in prova durante le uscite. Se invece ne hai una tua potrai utilizzarla.\t\t\t\t\t\t  <\/div>\n\t\t\t\t\t\t<\/div>\n\t\t\t\t\t<\/div>\n\t\t\t\t\t<!-- Inner panel End -->\n\t\t\t\t\t\n\t\t\t\t\t\t\t\t\n\t\t\t\t\t<!-- Inner panel Start -->\n\t\t\t\t\t<div class=\"wpsm_panel wpsm_panel-default\">\n\t\t\t\t\t\t<div class=\"wpsm_panel-heading\" role=\"tab\" >\n\t\t\t\t\t\t  <h4 class=\"wpsm_panel-title\">\n\t\t\t\t\t\t\t<a  class=\"collapsed\"  data-toggle=\"collapse\" data-parent=\"#wpsm_accordion_25436 \" href=\"javascript:void(0)\" data-target=\"#ac_25436_collapse2\" onclick=\"do_resize()\">\n\t\t\t\t\t\t\t\t\t\t\t\t\t\t\t\t\t<span class=\"ac_open_cl_icon fa fa-plus\"><\/span>\n\t\t\t\t\t\t\t\t\t\n\t\t\t\t\t\t\t\t \n\t\t\t\t\t\t\t\t<span class=\"ac_title_class\">\n\t\t\t\t\t\t\t\t\t\t\t\t\t\t\t\t\t\t\t\t<span style=\"margin-right:6px;\" class=\"fa fa-video-camera\"><\/span>\n\t\t\t\t\t\t\t\t\tDovessi perdere una lezione?\t\t\t\t\t\t\t\t<\/span>\n\t\t\t\t\t\t\t<\/a>\n\t\t\t\t\t\t  <\/h4>\n\t\t\t\t\t\t<\/div>\n\t\t\t\t\t\t<div id=\"ac_25436_collapse2\" class=\"wpsm_panel-collapse collapse \"  >\n\t\t\t\t\t\t  <div class=\"wpsm_panel-body\">\n\t\t\t\t\t\t\tCerchiamo di non lasciare indietro nessuno. Perch\u00e9 ci\u00f2 avvenga abbiamo ideato varie modalit\u00e0 di recupero, come per esempio delle registrazioni video.\t\t\t\t\t\t  <\/div>\n\t\t\t\t\t\t<\/div>\n\t\t\t\t\t<\/div>\n\t\t\t\t\t<!-- Inner panel End -->\n\t\t\t\t\t\n\t\t\t\t\t\t\t\t\n\t\t\t\t\t<!-- Inner panel Start -->\n\t\t\t\t\t<div class=\"wpsm_panel wpsm_panel-default\">\n\t\t\t\t\t\t<div class=\"wpsm_panel-heading\" role=\"tab\" >\n\t\t\t\t\t\t  <h4 class=\"wpsm_panel-title\">\n\t\t\t\t\t\t\t<a  class=\"collapsed\"  data-toggle=\"collapse\" data-parent=\"#wpsm_accordion_25436 \" href=\"javascript:void(0)\" data-target=\"#ac_25436_collapse3\" onclick=\"do_resize()\">\n\t\t\t\t\t\t\t\t\t\t\t\t\t\t\t\t\t<span class=\"ac_open_cl_icon fa fa-plus\"><\/span>\n\t\t\t\t\t\t\t\t\t\n\t\t\t\t\t\t\t\t \n\t\t\t\t\t\t\t\t<span class=\"ac_title_class\">\n\t\t\t\t\t\t\t\t\t\t\t\t\t\t\t\t\t\t\t\t<span style=\"margin-right:6px;\" class=\"fa fa-check\"><\/span>\n\t\t\t\t\t\t\t\t\tCi sono altri costi oltre a quello che vedo?\t\t\t\t\t\t\t\t<\/span>\n\t\t\t\t\t\t\t<\/a>\n\t\t\t\t\t\t  <\/h4>\n\t\t\t\t\t\t<\/div>\n\t\t\t\t\t\t<div id=\"ac_25436_collapse3\" class=\"wpsm_panel-collapse collapse \"  >\n\t\t\t\t\t\t  <div class=\"wpsm_panel-body\">\n\t\t\t\t\t\t\tNessun costo aggiuntivo: la quota che vedi copre tutto il corso!\t\t\t\t\t\t  <\/div>\n\t\t\t\t\t\t<\/div>\n\t\t\t\t\t<\/div>\n\t\t\t\t\t<!-- Inner panel End -->\n\t\t\t\t\t\n\t\t\t\t\t\t\t\t\n\t\t\t\t\t<!-- Inner panel Start -->\n\t\t\t\t\t<div class=\"wpsm_panel wpsm_panel-default\">\n\t\t\t\t\t\t<div class=\"wpsm_panel-heading\" role=\"tab\" >\n\t\t\t\t\t\t  <h4 class=\"wpsm_panel-title\">\n\t\t\t\t\t\t\t<a  class=\"collapsed\"  data-toggle=\"collapse\" data-parent=\"#wpsm_accordion_25436 \" href=\"javascript:void(0)\" data-target=\"#ac_25436_collapse4\" onclick=\"do_resize()\">\n\t\t\t\t\t\t\t\t\t\t\t\t\t\t\t\t\t<span class=\"ac_open_cl_icon fa fa-plus\"><\/span>\n\t\t\t\t\t\t\t\t\t\n\t\t\t\t\t\t\t\t \n\t\t\t\t\t\t\t\t<span class=\"ac_title_class\">\n\t\t\t\t\t\t\t\t\t\t\t\t\t\t\t\t\t\t\t\t<span style=\"margin-right:6px;\" class=\"fa fa-paperclip\"><\/span>\n\t\t\t\t\t\t\t\t\tAvete materiale didattico?\t\t\t\t\t\t\t\t<\/span>\n\t\t\t\t\t\t\t<\/a>\n\t\t\t\t\t\t  <\/h4>\n\t\t\t\t\t\t<\/div>\n\t\t\t\t\t\t<div id=\"ac_25436_collapse4\" class=\"wpsm_panel-collapse collapse \"  >\n\t\t\t\t\t\t  <div class=\"wpsm_panel-body\">\n\t\t\t\t\t\t\tCerto. In particolare delle schede in pdf e dei video esclusivi che inviamo dopo ogni lezione.\t\t\t\t\t\t  <\/div>\n\t\t\t\t\t\t<\/div>\n\t\t\t\t\t<\/div>\n\t\t\t\t\t<!-- Inner panel End -->\n\t\t\t\t\t\n\t\t\t\t\t\t\t\t\n\t\t\t\t\t<!-- Inner panel Start -->\n\t\t\t\t\t<div class=\"wpsm_panel wpsm_panel-default\">\n\t\t\t\t\t\t<div class=\"wpsm_panel-heading\" role=\"tab\" >\n\t\t\t\t\t\t  <h4 class=\"wpsm_panel-title\">\n\t\t\t\t\t\t\t<a  class=\"collapsed\"  data-toggle=\"collapse\" data-parent=\"#wpsm_accordion_25436 \" href=\"javascript:void(0)\" data-target=\"#ac_25436_collapse5\" onclick=\"do_resize()\">\n\t\t\t\t\t\t\t\t\t\t\t\t\t\t\t\t\t<span class=\"ac_open_cl_icon fa fa-plus\"><\/span>\n\t\t\t\t\t\t\t\t\t\n\t\t\t\t\t\t\t\t \n\t\t\t\t\t\t\t\t<span class=\"ac_title_class\">\n\t\t\t\t\t\t\t\t\t\t\t\t\t\t\t\t\t\t\t\t<span style=\"margin-right:6px;\" class=\"fa fa-gift\"><\/span>\n\t\t\t\t\t\t\t\t\tPosso regalare il corso a qualcuno?\t\t\t\t\t\t\t\t<\/span>\n\t\t\t\t\t\t\t<\/a>\n\t\t\t\t\t\t  <\/h4>\n\t\t\t\t\t\t<\/div>\n\t\t\t\t\t\t<div id=\"ac_25436_collapse5\" class=\"wpsm_panel-collapse collapse \"  >\n\t\t\t\t\t\t  <div class=\"wpsm_panel-body\">\n\t\t\t\t\t\t\tCertamente! Abbiamo predisposto un voucher in pdf da poter stampare e consegnare. Puoi scrivere a <a href=\"mailto:info@digitalcameraschool.it\" rel=\"noopener\" target=\"_blank\">info@digitalcameraschool.it<\/a> oppure chiamare al +39393.9242473 (Marco) o +39320.1915228 (Gigi).\t\t\t\t\t\t  <\/div>\n\t\t\t\t\t\t<\/div>\n\t\t\t\t\t<\/div>\n\t\t\t\t\t<!-- Inner panel End -->\n\t\t\t\t\t\n\t\t\t\t\t\t\t\t\n\t\t\t\t\t<!-- Inner panel Start -->\n\t\t\t\t\t<div class=\"wpsm_panel wpsm_panel-default\">\n\t\t\t\t\t\t<div class=\"wpsm_panel-heading\" role=\"tab\" >\n\t\t\t\t\t\t  <h4 class=\"wpsm_panel-title\">\n\t\t\t\t\t\t\t<a  class=\"collapsed\"  data-toggle=\"collapse\" data-parent=\"#wpsm_accordion_25436 \" href=\"javascript:void(0)\" data-target=\"#ac_25436_collapse6\" onclick=\"do_resize()\">\n\t\t\t\t\t\t\t\t\t\t\t\t\t\t\t\t\t<span class=\"ac_open_cl_icon fa fa-plus\"><\/span>\n\t\t\t\t\t\t\t\t\t\n\t\t\t\t\t\t\t\t \n\t\t\t\t\t\t\t\t<span class=\"ac_title_class\">\n\t\t\t\t\t\t\t\t\t\t\t\t\t\t\t\t\t\t\t\t<span style=\"margin-right:6px;\" class=\"fa fa-clock-o\"><\/span>\n\t\t\t\t\t\t\t\t\tQuali sono gli orari del corso?\t\t\t\t\t\t\t\t<\/span>\n\t\t\t\t\t\t\t<\/a>\n\t\t\t\t\t\t  <\/h4>\n\t\t\t\t\t\t<\/div>\n\t\t\t\t\t\t<div id=\"ac_25436_collapse6\" class=\"wpsm_panel-collapse collapse \"  >\n\t\t\t\t\t\t  <div class=\"wpsm_panel-body\">\n\t\t\t\t\t\t\tLe lezioni in aula iniziano alle 20.45 e terminano alle 22.45. Le uscite solitamente durano tre ore circa.chec\t\t\t\t\t\t  <\/div>\n\t\t\t\t\t\t<\/div>\n\t\t\t\t\t<\/div>\n\t\t\t\t\t<!-- Inner panel End -->\n\t\t\t\t\t\n\t\t\t\t\t\t\t\t\n\t\t\t\t\t<!-- Inner panel Start -->\n\t\t\t\t\t<div class=\"wpsm_panel wpsm_panel-default\">\n\t\t\t\t\t\t<div class=\"wpsm_panel-heading\" role=\"tab\" >\n\t\t\t\t\t\t  <h4 class=\"wpsm_panel-title\">\n\t\t\t\t\t\t\t<a  class=\"collapsed\"  data-toggle=\"collapse\" data-parent=\"#wpsm_accordion_25436 \" href=\"javascript:void(0)\" data-target=\"#ac_25436_collapse7\" onclick=\"do_resize()\">\n\t\t\t\t\t\t\t\t\t\t\t\t\t\t\t\t\t<span class=\"ac_open_cl_icon fa fa-plus\"><\/span>\n\t\t\t\t\t\t\t\t\t\n\t\t\t\t\t\t\t\t \n\t\t\t\t\t\t\t\t<span class=\"ac_title_class\">\n\t\t\t\t\t\t\t\t\t\t\t\t\t\t\t\t\t\t\t\t<span style=\"margin-right:6px;\" class=\"fa fa-calendar\"><\/span>\n\t\t\t\t\t\t\t\t\tOltre al corso base organizzate altre attivit\u00e0?\t\t\t\t\t\t\t\t<\/span>\n\t\t\t\t\t\t\t<\/a>\n\t\t\t\t\t\t  <\/h4>\n\t\t\t\t\t\t<\/div>\n\t\t\t\t\t\t<div id=\"ac_25436_collapse7\" class=\"wpsm_panel-collapse collapse \"  >\n\t\t\t\t\t\t  <div class=\"wpsm_panel-body\">\n\t\t\t\t\t\t\tAbbiamo una serie di corsi di secondo livello, workshop e viaggi tematici e uscite fotografiche.\t\t\t\t\t\t  <\/div>\n\t\t\t\t\t\t<\/div>\n\t\t\t\t\t<\/div>\n\t\t\t\t\t<!-- Inner panel End -->\n\t\t\t\t\t\n\t\t\t\t\t\t\t\t\n\t\t\t\t\t<!-- Inner panel Start -->\n\t\t\t\t\t<div class=\"wpsm_panel wpsm_panel-default\">\n\t\t\t\t\t\t<div class=\"wpsm_panel-heading\" role=\"tab\" >\n\t\t\t\t\t\t  <h4 class=\"wpsm_panel-title\">\n\t\t\t\t\t\t\t<a  class=\"collapsed\"  data-toggle=\"collapse\" data-parent=\"#wpsm_accordion_25436 \" href=\"javascript:void(0)\" data-target=\"#ac_25436_collapse8\" onclick=\"do_resize()\">\n\t\t\t\t\t\t\t\t\t\t\t\t\t\t\t\t\t<span class=\"ac_open_cl_icon fa fa-plus\"><\/span>\n\t\t\t\t\t\t\t\t\t\n\t\t\t\t\t\t\t\t \n\t\t\t\t\t\t\t\t<span class=\"ac_title_class\">\n\t\t\t\t\t\t\t\t\t\t\t\t\t\t\t\t\t\t\t\t<span style=\"margin-right:6px;\" class=\"fa fa-bullhorn\"><\/span>\n\t\t\t\t\t\t\t\t\tAvete un luogo di condivisione e discussione?\t\t\t\t\t\t\t\t<\/span>\n\t\t\t\t\t\t\t<\/a>\n\t\t\t\t\t\t  <\/h4>\n\t\t\t\t\t\t<\/div>\n\t\t\t\t\t\t<div id=\"ac_25436_collapse8\" class=\"wpsm_panel-collapse collapse \"  >\n\t\t\t\t\t\t  <div class=\"wpsm_panel-body\">\n\t\t\t\t\t\t\tSiamo presenti in vari social. Su Facebook abbiamo sia il <a href=\"https:\/\/www.facebook.com\/groups\/204568046320829\" rel=\"noopener\" target=\"_blank\">gruppo<\/a> che la <a href=\"https:\/\/www.facebook.com\/digitalcameraschool\" rel=\"noopener\" target=\"_blank\">pagina<\/a>. Ci trovi anche su <a href=\"https:\/\/www.instagram.com\/digital_camera_school\" rel=\"noopener\" target=\"_blank\">Instagram<\/a> e <a href=\"https:\/\/t.me\/digitalcameraschool\" rel=\"noopener\" target=\"_blank\">Telegram<\/a>.\t\t\t\t\t\t  <\/div>\n\t\t\t\t\t\t<\/div>\n\t\t\t\t\t<\/div>\n\t\t\t\t\t<!-- Inner panel End -->\n\t\t\t\t\t\n\t\t\t\t\t\t\t<\/div>\n\t\t\t\n<script type=\"text\/javascript\">\n\t\n\t\tfunction do_resize(){\n\n\t\t\tvar width=jQuery( '.wpsm_panel .wpsm_panel-body iframe' ).width();\n\t\t\tvar height=jQuery( '.wpsm_panel .wpsm_panel-body iframe' ).height();\n\n\t\t\tvar toggleSize = true;\n\t\t\tjQuery('iframe').animate({\n\t\t\t    width: toggleSize ? width : 640,\n\t\t\t    height: toggleSize ? height : 360\n\t\t\t  }, 250);\n\n\t\t\t  toggleSize = !toggleSize;\n\t\t}\n\t\t\n<\/script>\t\n<div>\n<div>\n<hr \/>\n<\/div>\n<p style=\"text-align: justify;\"><strong><span style=\"color: #339966;\"><i class=\"wp-svg-signup signup\"><\/i><\/span>\u00a0 ISCRIZIONE<\/strong><\/p>\n<ul>\n<li style=\"text-align: justify;\">Compila il form per iscriverti. Riceverai info e dettagli direttamente via mail! Se preferisci un contatto telefonico, ecco i nostri numeri:<br \/>\n&#8211; 393.9242473 (Marco)<br \/>\n&#8211; 320.1915228 (Gigi)<\/li>\n<\/ul>\n<\/div>\n<hr \/>\n<p><iframe loading=\"lazy\" src=\"https:\/\/docs.google.com\/forms\/d\/e\/1FAIpQLSd0sWKVWeV2fs2xMKAt8dAT4xCLxj72Mx-xly9nZJDNchXY9Q\/viewform?embedded=true\" width=\"890\" height=\"1200\" frameborder=\"0\" marginwidth=\"0\" marginheight=\"0\">Caricamento\u2026<\/iframe><\/p>\n<\/div>\n","protected":false},"excerpt":{"rendered":"<h2><span style=\"color: #000000;\"><b>SAN GIULIANO MILANESE CORSO DI FOTOGRAFIA BASE date da definire<\/b><\/span><\/h2>\n<p>Il prezzo \u00e8 di 80,00 euro oppure 70,00 a testa se si partecipa in due o pi\u00f9 persone.<\/p>\n<p>Il corso base di fotografia a San Giuliano Milanese \u00e8 rivolto a chi vuole compiere <strong>i primi passi nel mondo della fotografia<\/strong>, oppure chi ha gi\u00e0 una buona pratica ma vuole <strong>consolidare i concetti principali<\/strong> ed arricchire la propria <strong>conoscenza a 360\u00b0<\/strong>. Non \u00e8 obbligatorio avere una fotocamera: ne metteremo noi alcune a disposizione.<\/p>\n","protected":false},"featured_media":30798,"template":"","meta":{"pmpro_default_level":""},"product_brand":[],"product_cat":[112],"product_tag":[],"class_list":{"0":"post-30797","1":"product","2":"type-product","3":"status-publish","4":"has-post-thumbnail","6":"product_cat-corsi-base","7":"pmpro-has-access","9":"first","10":"instock","11":"virtual","12":"taxable","13":"product-type-simple"},"acf":[],"yoast_head":"<!-- This site is optimized with the Yoast SEO plugin v27.5 - https:\/\/yoast.com\/product\/yoast-seo-wordpress\/ -->\n<title>San Giuliano Milanese corso di fotografia base  date da definire - Digital Camera School - Corsi di fotografia<\/title>\n<meta name=\"robots\" content=\"index, follow, max-snippet:-1, max-image-preview:large, max-video-preview:-1\" \/>\n<link rel=\"canonical\" href=\"https:\/\/www.digitalcameraschool.it\/home\/prodotto\/corso-fotografia-base-san-giuliano-milanese\/\" \/>\n<meta property=\"og:locale\" content=\"it_IT\" \/>\n<meta property=\"og:type\" content=\"article\" \/>\n<meta property=\"og:title\" content=\"San Giuliano Milanese corso di fotografia base  date da definire - Digital Camera School - Corsi di fotografia\" \/>\n<meta property=\"og:description\" content=\"SAN GIULIANO MILANESE CORSO DI FOTOGRAFIA BASE date da definire Il prezzo \u00e8 di 80,00 euro oppure 70,00 a testa se si partecipa in due o pi\u00f9 persone.  Il corso base di fotografia a San Giuliano Milanese \u00e8 rivolto a chi vuole compiere i primi passi nel mondo della fotografia, oppure chi ha gi\u00e0 una buona pratica ma vuole consolidare i concetti principali ed arricchire la propria conoscenza a 360\u00b0. Non \u00e8 obbligatorio avere una fotocamera: ne metteremo noi alcune a disposizione.\" \/>\n<meta property=\"og:url\" content=\"https:\/\/www.digitalcameraschool.it\/home\/prodotto\/corso-fotografia-base-san-giuliano-milanese\/\" \/>\n<meta property=\"og:site_name\" content=\"Digital Camera School - Corsi di fotografia\" \/>\n<meta property=\"article:publisher\" content=\"https:\/\/www.facebook.com\/digitalcameraschool\" \/>\n<meta property=\"article:modified_time\" content=\"2024-10-23T17:12:25+00:00\" \/>\n<meta property=\"og:image\" content=\"https:\/\/www.digitalcameraschool.it\/home\/wp-content\/uploads\/2023\/05\/san-giuliano.jpg\" \/>\n\t<meta property=\"og:image:width\" content=\"1200\" \/>\n\t<meta property=\"og:image:height\" content=\"1200\" \/>\n\t<meta property=\"og:image:type\" content=\"image\/jpeg\" \/>\n<meta name=\"twitter:card\" content=\"summary_large_image\" \/>\n<meta name=\"twitter:label1\" content=\"Tempo di lettura stimato\" \/>\n\t<meta name=\"twitter:data1\" content=\"8 minuti\" \/>\n<script type=\"application\/ld+json\" class=\"yoast-schema-graph\">{\"@context\":\"https:\\\/\\\/schema.org\",\"@graph\":[{\"@type\":\"WebPage\",\"@id\":\"https:\\\/\\\/www.digitalcameraschool.it\\\/home\\\/prodotto\\\/corso-fotografia-base-san-giuliano-milanese\\\/\",\"url\":\"https:\\\/\\\/www.digitalcameraschool.it\\\/home\\\/prodotto\\\/corso-fotografia-base-san-giuliano-milanese\\\/\",\"name\":\"San Giuliano Milanese corso di fotografia base date da definire - Digital Camera School - Corsi di fotografia\",\"isPartOf\":{\"@id\":\"https:\\\/\\\/www.digitalcameraschool.it\\\/home\\\/#website\"},\"primaryImageOfPage\":{\"@id\":\"https:\\\/\\\/www.digitalcameraschool.it\\\/home\\\/prodotto\\\/corso-fotografia-base-san-giuliano-milanese\\\/#primaryimage\"},\"image\":{\"@id\":\"https:\\\/\\\/www.digitalcameraschool.it\\\/home\\\/prodotto\\\/corso-fotografia-base-san-giuliano-milanese\\\/#primaryimage\"},\"thumbnailUrl\":\"https:\\\/\\\/www.digitalcameraschool.it\\\/home\\\/wp-content\\\/uploads\\\/2023\\\/05\\\/san-giuliano.jpg\",\"datePublished\":\"2023-05-15T09:04:32+00:00\",\"dateModified\":\"2024-10-23T17:12:25+00:00\",\"breadcrumb\":{\"@id\":\"https:\\\/\\\/www.digitalcameraschool.it\\\/home\\\/prodotto\\\/corso-fotografia-base-san-giuliano-milanese\\\/#breadcrumb\"},\"inLanguage\":\"it-IT\",\"potentialAction\":[{\"@type\":\"ReadAction\",\"target\":[\"https:\\\/\\\/www.digitalcameraschool.it\\\/home\\\/prodotto\\\/corso-fotografia-base-san-giuliano-milanese\\\/\"]}]},{\"@type\":\"ImageObject\",\"inLanguage\":\"it-IT\",\"@id\":\"https:\\\/\\\/www.digitalcameraschool.it\\\/home\\\/prodotto\\\/corso-fotografia-base-san-giuliano-milanese\\\/#primaryimage\",\"url\":\"https:\\\/\\\/www.digitalcameraschool.it\\\/home\\\/wp-content\\\/uploads\\\/2023\\\/05\\\/san-giuliano.jpg\",\"contentUrl\":\"https:\\\/\\\/www.digitalcameraschool.it\\\/home\\\/wp-content\\\/uploads\\\/2023\\\/05\\\/san-giuliano.jpg\",\"width\":1200,\"height\":1200},{\"@type\":\"BreadcrumbList\",\"@id\":\"https:\\\/\\\/www.digitalcameraschool.it\\\/home\\\/prodotto\\\/corso-fotografia-base-san-giuliano-milanese\\\/#breadcrumb\",\"itemListElement\":[{\"@type\":\"ListItem\",\"position\":1,\"name\":\"Home\",\"item\":\"https:\\\/\\\/www.digitalcameraschool.it\\\/home\\\/\"},{\"@type\":\"ListItem\",\"position\":2,\"name\":\"Shop\",\"item\":\"https:\\\/\\\/www.digitalcameraschool.it\\\/home\\\/shop\\\/\"},{\"@type\":\"ListItem\",\"position\":3,\"name\":\"San Giuliano Milanese corso di fotografia base date da definire\"}]},{\"@type\":\"WebSite\",\"@id\":\"https:\\\/\\\/www.digitalcameraschool.it\\\/home\\\/#website\",\"url\":\"https:\\\/\\\/www.digitalcameraschool.it\\\/home\\\/\",\"name\":\"Digital Camera School - Corsi di fotografia\",\"description\":\"Corsi, workshop, viaggi e molto altro!\",\"publisher\":{\"@id\":\"https:\\\/\\\/www.digitalcameraschool.it\\\/home\\\/#organization\"},\"potentialAction\":[{\"@type\":\"SearchAction\",\"target\":{\"@type\":\"EntryPoint\",\"urlTemplate\":\"https:\\\/\\\/www.digitalcameraschool.it\\\/home\\\/?s={search_term_string}\"},\"query-input\":{\"@type\":\"PropertyValueSpecification\",\"valueRequired\":true,\"valueName\":\"search_term_string\"}}],\"inLanguage\":\"it-IT\"},{\"@type\":\"Organization\",\"@id\":\"https:\\\/\\\/www.digitalcameraschool.it\\\/home\\\/#organization\",\"name\":\"Digital Camera School\",\"url\":\"https:\\\/\\\/www.digitalcameraschool.it\\\/home\\\/\",\"logo\":{\"@type\":\"ImageObject\",\"inLanguage\":\"it-IT\",\"@id\":\"https:\\\/\\\/www.digitalcameraschool.it\\\/home\\\/#\\\/schema\\\/logo\\\/image\\\/\",\"url\":\"https:\\\/\\\/www.digitalcameraschool.it\\\/home\\\/wp-content\\\/uploads\\\/2022\\\/05\\\/logo-rotondo-dcs.png\",\"contentUrl\":\"https:\\\/\\\/www.digitalcameraschool.it\\\/home\\\/wp-content\\\/uploads\\\/2022\\\/05\\\/logo-rotondo-dcs.png\",\"width\":500,\"height\":500,\"caption\":\"Digital Camera School\"},\"image\":{\"@id\":\"https:\\\/\\\/www.digitalcameraschool.it\\\/home\\\/#\\\/schema\\\/logo\\\/image\\\/\"},\"sameAs\":[\"https:\\\/\\\/www.facebook.com\\\/digitalcameraschool\",\"https:\\\/\\\/www.instagram.com\\\/digital_camera_school\\\/\",\"https:\\\/\\\/www.youtube.com\\\/c\\\/digitalcameraschool_tv\"]}]}<\/script>\n<!-- \/ Yoast SEO plugin. -->","yoast_head_json":{"title":"San Giuliano Milanese corso di fotografia base  date da definire - Digital Camera School - Corsi di fotografia","robots":{"index":"index","follow":"follow","max-snippet":"max-snippet:-1","max-image-preview":"max-image-preview:large","max-video-preview":"max-video-preview:-1"},"canonical":"https:\/\/www.digitalcameraschool.it\/home\/prodotto\/corso-fotografia-base-san-giuliano-milanese\/","og_locale":"it_IT","og_type":"article","og_title":"San Giuliano Milanese corso di fotografia base  date da definire - Digital Camera School - Corsi di fotografia","og_description":"SAN GIULIANO MILANESE CORSO DI FOTOGRAFIA BASE date da definire Il prezzo \u00e8 di 80,00 euro oppure 70,00 a testa se si partecipa in due o pi\u00f9 persone.  Il corso base di fotografia a San Giuliano Milanese \u00e8 rivolto a chi vuole compiere i primi passi nel mondo della fotografia, oppure chi ha gi\u00e0 una buona pratica ma vuole consolidare i concetti principali ed arricchire la propria conoscenza a 360\u00b0. Non \u00e8 obbligatorio avere una fotocamera: ne metteremo noi alcune a disposizione.","og_url":"https:\/\/www.digitalcameraschool.it\/home\/prodotto\/corso-fotografia-base-san-giuliano-milanese\/","og_site_name":"Digital Camera School - Corsi di fotografia","article_publisher":"https:\/\/www.facebook.com\/digitalcameraschool","article_modified_time":"2024-10-23T17:12:25+00:00","og_image":[{"width":1200,"height":1200,"url":"https:\/\/www.digitalcameraschool.it\/home\/wp-content\/uploads\/2023\/05\/san-giuliano.jpg","type":"image\/jpeg"}],"twitter_card":"summary_large_image","twitter_misc":{"Tempo di lettura stimato":"8 minuti"},"schema":{"@context":"https:\/\/schema.org","@graph":[{"@type":"WebPage","@id":"https:\/\/www.digitalcameraschool.it\/home\/prodotto\/corso-fotografia-base-san-giuliano-milanese\/","url":"https:\/\/www.digitalcameraschool.it\/home\/prodotto\/corso-fotografia-base-san-giuliano-milanese\/","name":"San Giuliano Milanese corso di fotografia base date da definire - Digital Camera School - Corsi di fotografia","isPartOf":{"@id":"https:\/\/www.digitalcameraschool.it\/home\/#website"},"primaryImageOfPage":{"@id":"https:\/\/www.digitalcameraschool.it\/home\/prodotto\/corso-fotografia-base-san-giuliano-milanese\/#primaryimage"},"image":{"@id":"https:\/\/www.digitalcameraschool.it\/home\/prodotto\/corso-fotografia-base-san-giuliano-milanese\/#primaryimage"},"thumbnailUrl":"https:\/\/www.digitalcameraschool.it\/home\/wp-content\/uploads\/2023\/05\/san-giuliano.jpg","datePublished":"2023-05-15T09:04:32+00:00","dateModified":"2024-10-23T17:12:25+00:00","breadcrumb":{"@id":"https:\/\/www.digitalcameraschool.it\/home\/prodotto\/corso-fotografia-base-san-giuliano-milanese\/#breadcrumb"},"inLanguage":"it-IT","potentialAction":[{"@type":"ReadAction","target":["https:\/\/www.digitalcameraschool.it\/home\/prodotto\/corso-fotografia-base-san-giuliano-milanese\/"]}]},{"@type":"ImageObject","inLanguage":"it-IT","@id":"https:\/\/www.digitalcameraschool.it\/home\/prodotto\/corso-fotografia-base-san-giuliano-milanese\/#primaryimage","url":"https:\/\/www.digitalcameraschool.it\/home\/wp-content\/uploads\/2023\/05\/san-giuliano.jpg","contentUrl":"https:\/\/www.digitalcameraschool.it\/home\/wp-content\/uploads\/2023\/05\/san-giuliano.jpg","width":1200,"height":1200},{"@type":"BreadcrumbList","@id":"https:\/\/www.digitalcameraschool.it\/home\/prodotto\/corso-fotografia-base-san-giuliano-milanese\/#breadcrumb","itemListElement":[{"@type":"ListItem","position":1,"name":"Home","item":"https:\/\/www.digitalcameraschool.it\/home\/"},{"@type":"ListItem","position":2,"name":"Shop","item":"https:\/\/www.digitalcameraschool.it\/home\/shop\/"},{"@type":"ListItem","position":3,"name":"San Giuliano Milanese corso di fotografia base date da definire"}]},{"@type":"WebSite","@id":"https:\/\/www.digitalcameraschool.it\/home\/#website","url":"https:\/\/www.digitalcameraschool.it\/home\/","name":"Digital Camera School - Corsi di fotografia","description":"Corsi, workshop, viaggi e molto altro!","publisher":{"@id":"https:\/\/www.digitalcameraschool.it\/home\/#organization"},"potentialAction":[{"@type":"SearchAction","target":{"@type":"EntryPoint","urlTemplate":"https:\/\/www.digitalcameraschool.it\/home\/?s={search_term_string}"},"query-input":{"@type":"PropertyValueSpecification","valueRequired":true,"valueName":"search_term_string"}}],"inLanguage":"it-IT"},{"@type":"Organization","@id":"https:\/\/www.digitalcameraschool.it\/home\/#organization","name":"Digital Camera School","url":"https:\/\/www.digitalcameraschool.it\/home\/","logo":{"@type":"ImageObject","inLanguage":"it-IT","@id":"https:\/\/www.digitalcameraschool.it\/home\/#\/schema\/logo\/image\/","url":"https:\/\/www.digitalcameraschool.it\/home\/wp-content\/uploads\/2022\/05\/logo-rotondo-dcs.png","contentUrl":"https:\/\/www.digitalcameraschool.it\/home\/wp-content\/uploads\/2022\/05\/logo-rotondo-dcs.png","width":500,"height":500,"caption":"Digital Camera School"},"image":{"@id":"https:\/\/www.digitalcameraschool.it\/home\/#\/schema\/logo\/image\/"},"sameAs":["https:\/\/www.facebook.com\/digitalcameraschool","https:\/\/www.instagram.com\/digital_camera_school\/","https:\/\/www.youtube.com\/c\/digitalcameraschool_tv"]}]}},"_links":{"self":[{"href":"https:\/\/www.digitalcameraschool.it\/home\/wp-json\/wp\/v2\/product\/30797","targetHints":{"allow":["GET"]}}],"collection":[{"href":"https:\/\/www.digitalcameraschool.it\/home\/wp-json\/wp\/v2\/product"}],"about":[{"href":"https:\/\/www.digitalcameraschool.it\/home\/wp-json\/wp\/v2\/types\/product"}],"wp:featuredmedia":[{"embeddable":true,"href":"https:\/\/www.digitalcameraschool.it\/home\/wp-json\/wp\/v2\/media\/30798"}],"wp:attachment":[{"href":"https:\/\/www.digitalcameraschool.it\/home\/wp-json\/wp\/v2\/media?parent=30797"}],"wp:term":[{"taxonomy":"product_brand","embeddable":true,"href":"https:\/\/www.digitalcameraschool.it\/home\/wp-json\/wp\/v2\/product_brand?post=30797"},{"taxonomy":"product_cat","embeddable":true,"href":"https:\/\/www.digitalcameraschool.it\/home\/wp-json\/wp\/v2\/product_cat?post=30797"},{"taxonomy":"product_tag","embeddable":true,"href":"https:\/\/www.digitalcameraschool.it\/home\/wp-json\/wp\/v2\/product_tag?post=30797"}],"curies":[{"name":"wp","href":"https:\/\/api.w.org\/{rel}","templated":true}]}}