{"id":1782,"date":"2021-03-31T10:27:10","date_gmt":"2021-03-31T08:27:10","guid":{"rendered":"https:\/\/www.digitalcameraschool.it\/home\/?post_type=product&#038;p=1782"},"modified":"2025-11-11T10:03:51","modified_gmt":"2025-11-11T09:03:51","slug":"corso-di-fotografia-base-treviglio","status":"publish","type":"product","link":"https:\/\/www.digitalcameraschool.it\/home\/prodotto\/corso-di-fotografia-base-treviglio\/","title":{"rendered":"Treviglio &#8211; Corso di fotografia base &#8211; \/\/ Mercoled\u00ec 11 marzo 2026"},"content":{"rendered":"<div class=\"o9v6fnle cxmmr5t8 oygrvhab hcukyx3x c1et5uql\">\n<div class=\"kvgmc6g5 cxmmr5t8 oygrvhab hcukyx3x c1et5uql\">\n<div><img loading=\"lazy\" decoding=\"async\" class=\"alignnone size-full wp-image-1088\" src=\"https:\/\/www.pagamentidigitalcameraschool.it\/wp-content\/uploads\/2021\/03\/11402499_10204243539704099_1340197524068577805_o.jpg\" alt=\"\" width=\"2048\" height=\"1366\" \/><\/div>\n<\/div>\n<\/div>\n<div><\/div>\n<div><\/div>\n<div class=\"o9v6fnle cxmmr5t8 oygrvhab hcukyx3x c1et5uql\">\n<div class=\"kvgmc6g5 cxmmr5t8 oygrvhab hcukyx3x c1et5uql\">\n<div class=\"gmail_default\" style=\"text-align: justify;\">\n<p><iframe loading=\"lazy\" title=\"YouTube video player\" src=\"https:\/\/www.youtube.com\/embed\/4dAY4yXbAmY\" width=\"560\" height=\"315\" frameborder=\"0\" allowfullscreen=\"allowfullscreen\"><\/iframe><\/p>\n<p>Il corso base \u00e8 rivolto a chi vuole compiere <strong>i primi passi nel mondo della fotografia<\/strong>, oppure chi ha gi\u00e0 una buona pratica ma vuole <strong>consolidare i concetti principali<\/strong> ed arricchire la propria <strong>conoscenza a 360\u00b0<\/strong>. Non \u00e8 obbligatorio avere una fotocamera: ne metteremo noi alcune a disposizione.<\/p>\n<\/div>\n<\/div>\n<\/div>\n<div><\/div>\n<div style=\"text-align: justify;\">\n<hr \/>\n<\/div>\n<div class=\"o9v6fnle cxmmr5t8 oygrvhab hcukyx3x c1et5uql\" style=\"text-align: justify;\">\n<div class=\"kvgmc6g5 cxmmr5t8 oygrvhab hcukyx3x c1et5uql\">\n<div><strong>\u2705 COSA IMPARERAI<\/strong><\/div>\n<div>\n<p>Al termine del corso avrai acquisito <strong>una buona tecnica fotografica<\/strong> (capacit\u00e0 di utilizzare la macchina<strong> senza automatismi<\/strong>), le giuste nozioni per saper<strong> leggere le immagini<\/strong> ed eseguire <strong>scatti corretti<\/strong> e di qualit\u00e0.<\/p>\n<\/div>\n<div><\/div>\n<div>\n<hr \/>\n<p><strong>\u2705 METODO<\/strong><br \/>\nIl nostro intento \u00e8 quello di <strong>insegnare col sorriso<\/strong>, senza pesantezza. Il metodo prevede l\u2019utilizzo di <strong>molte immagini<\/strong>, cos\u00ec da rendere l\u2019esperienza il pi\u00f9 <strong>coinvolgente<\/strong> possibile. Durante le lezioni vengono assegnati dei piccoli ma stimolanti compiti facoltativi da compiere a casa, utili per iniziare a prendere la mano col mezzo fotografico. Molto apprezzata \u00e8 la possibilit\u00e0 di <strong>recuperare le eventuali lezioni saltate<\/strong>, con un video che ti sar\u00e0 inviato o in aula. Al termine del corso viene rilasciato sia un <strong>attestato<\/strong> di partecipazione sia una dispensa riassuntiva.<\/p>\n<\/div>\n<div><\/div>\n<div>\n<hr \/>\n<p><strong><span style=\"color: #ff9900;\"><i class=\"wp-svg-camera camera\"><\/i><\/span> NON HAI LA FOTOCAMERA? <\/strong>Nessun problema! Abbiamo le nostre fotocamere da prestarti!<br \/>\n<strong><span style=\"color: #ff9900;\"><i class=\"wp-svg-camera camera\"><\/i><\/span> HAI SALTATO UNA LEZIONE? <\/strong>Puoi recuperarla! O tramite un video che ti sar\u00e0 inviato oppure in aula!<br \/>\n<strong><span style=\"color: #ff9900;\"><i class=\"wp-svg-camera camera\"><\/i><\/span> DISPENSA RIASSUNTIVA <\/strong>In modo da poter consultare, finito il corso, i concetti acquisiti.<br \/>\n<strong><span style=\"color: #ff9900;\"><i class=\"wp-svg-camera camera\"><\/i><\/span> DIVERSI VIDEO-TUTORIAL <\/strong>Per approfondire alcuni argomenti o affrontarne di nuovi!<br \/>\n<strong><span style=\"color: #ff9900;\"><i class=\"wp-svg-camera camera\"><\/i><\/span> AREA RISERVATA <\/strong>\u00a0Potrai accedere e scaricare video, dispense tecniche e suggerimenti fotografici.<br \/>\n<strong><span style=\"color: #ff9900;\"><i class=\"wp-svg-camera camera\"><\/i><\/span> DOCENTI PROFESSIONISTI <\/strong>Capaci di coinvolgere e informare allo stesso tempo.<br \/>\n<strong><span style=\"color: #ff9900;\"><i class=\"wp-svg-camera camera\"><\/i><\/span> ATTESTATO <\/strong>Un ricordo da conservare o appendere e mostrare agli amici.<\/p>\n<hr \/>\n\n<p><strong>\u2705 CALENDARIO<br \/>\n<\/strong><\/p>\n<p>Mercoled\u00ec 11 marzo<br \/>\nMercoled\u00ec 18 marzo<br \/>\nMercoled\u00ec 25 marzo<br \/>\nMercoled\u00ec 01 aprile<br \/>\nMercoled\u00ec 08 aprile<br \/>\nMercoled\u00ec 15 aprile<\/p>\n<p>&nbsp;<\/p>\n<p>Le date delle uscite saranno stabilite in aula con il gruppo<\/p>\n<\/div>\n<\/div>\n<\/div>\n<p><strong>\u2022 Lezione 01<\/strong><br \/>\nCOMUNICARE CON LE IMMAGINI<br \/>\nUn\u2019introduzione all\u2019approccio fotogra\ufb01co e sulla fotogra\ufb01a come processo comunicativo. Ultima parte dedicata al confronto tra la fotogra\ufb01a e la ripresa video.<\/p>\n<div>\n<p><strong>\u2022 Lezione 02<\/strong><br \/>\nCOMPOSIZIONE<br \/>\nCome rendere pi\u00f9 accattivanti ed ef\ufb01caci le nostre immagini attraverso la geometria basilare: punti, linee, vettori, poligoni. Tanti esempi chiari e stimolanti.<\/p>\n<p><strong>\u2022 Lezione 03<br \/>\n<\/strong>LA MACCHINA E LA TECNICA<br \/>\nI diversi tipi di macchina fotogra\ufb01ca. Come funziona una macchina re\ufb02ex. Il triangolo espositivo (iso-tempo-diaframmi) con esempi pratici e prove in diretta.<\/p>\n<p><strong>\u2022 Lezione 04<\/strong><br \/>\nLE OTTICHE<br \/>\nLe differenze tra i vari tipi di ottiche e le conseguenze pratiche sul risultato \ufb01nale. La profondit\u00e0 di campo e lo sfocato: come controllarli.<\/p>\n<div>\n<p><strong>\u2022 Lezione 05<\/strong><br \/>\nUSCITA<br \/>\nUscita sul campo dove \u00e8 possibile mettere in pratica la teoria appresa durante le ore in aula. Proveremo inoltre diverse tecniche speciali come il panning, il controluce e la luce di riempimento.<\/p>\n<p><strong>\u2022 Lezione 06<\/strong><br \/>\nUSCITA NOTTURNA<br \/>\nQuesta lezione vale come un vero e proprio workshop. Impareremo ad utilizzare la macchina con le lunghe esposizioni, catturando le scie delle macchine, provando la tecnica del light painting e l\u2019utilizzo creativo del flash.<\/p>\n<p><strong>\u2022 Lezione 07<\/strong><br \/>\nIL FLASH E IL BIANCO E NERO<br \/>\nConsigli pratici per un utilizzo ottimale del flash. Analisi del bianco e nero attraverso il lavoro di grandi autori.<\/p>\n<p><strong>\u2022 Lezione 08<\/strong><br \/>\nIntroduzione a Photoshop e alcuni programmi gratuiti; un\u2019intera lezione su come iniziare a correggere le nostre fotografia attraverso il miglior programma di post-produzione e ad alcuni dei migliori programmi gratuiti per la correzione delle immagini. Commento collettivo alle foto realizzate dai corsisti. Le azioni basilari per ottimizzare i propri scatti attraverso Adobe Photoshop.<\/p>\n<hr \/>\n<\/div>\n<div><strong>\u2705 ORARI<\/strong><\/div>\n<div>\n<ul>\n<li>Gli incontri si terranno dalla 20:45 alle 22:45 circa<\/li>\n<li>Le uscite saranno di circa 3 ore<\/li>\n<\/ul>\n<hr \/>\n<\/div>\n<div class=\"o9v6fnle cxmmr5t8 oygrvhab hcukyx3x c1et5uql\" style=\"text-align: justify;\">\n<div class=\"kvgmc6g5 cxmmr5t8 oygrvhab hcukyx3x c1et5uql\">\n<div><strong>\u2705 LUOGO DEL CORSO<\/strong><\/div>\n<ul>\n<li>Il corso si terr\u00e0 presso CFL via Piave, 43 Treviglio.<\/li>\n<\/ul>\n<hr \/>\n<p><b><strong>\u2705<\/strong>PREZZO DEL CORSO<\/b><\/p>\n<p>80,00 euro se si partecipa da soli<br \/>\n70,00 euro a testa se si partecipa in due o pi\u00f9 persone<\/p>\n<div>\n<hr \/>\n<\/div>\n<p><strong><b>\u2705<\/b> PAGAMENTI<\/strong><\/p>\n<p>Il versamento della quota potr\u00e0 essere effettuato:<\/p>\n<ul>\n<li>il giorno del corso in contanti, carta di credito o bancomat<\/li>\n<li>Oppure entro 7 giorni\u00a0 prima con Carta di Credito, Paypal oppure bonifico bancario.<\/li>\n<\/ul>\n<div>\n<hr \/>\n<\/div>\n<div><strong>\u2705 IMPORTANTE<br \/>\n<\/strong><\/div>\n<ul>\n<li>Il numero di partecipanti \u00e8 limitato, cos\u00ec da consentire un&#8217;esperienza pi\u00f9 efficace e attiva.<\/li>\n<\/ul>\n<\/div>\n<\/div>\n<div>\n<hr \/>\n<\/div>\n<p style=\"text-align: justify;\"><strong>\u2705INFORMAZIONI<\/strong><\/p>\n<ul>\n<li style=\"text-align: justify;\">Compila il form qui presente per iscriverti! Riceverai info e dettagli direttamente via mail! Se preferisci un contatto telefonico, ecco i nostri numeri:<br \/>\n&#8211; 393.9242473 (Marco)<br \/>\n&#8211; 320.1915228 (Gigi)<\/li>\n<\/ul>\n<p style=\"text-align: justify;\">\n<\/div>\n<p><iframe loading=\"lazy\" src=\"https:\/\/docs.google.com\/forms\/d\/e\/1FAIpQLSfmex_rQKcXauUcV3sywkwlEepF10bTIoff1RJkmEnpEkoo8Q\/viewform?embedded=true\" width=\"890\" height=\"1200\" frameborder=\"0\" marginwidth=\"0\" marginheight=\"0\">Caricamento\u2026<\/iframe><\/p>\n","protected":false},"excerpt":{"rendered":"<div class=\"o9v6fnle cxmmr5t8 oygrvhab hcukyx3x c1et5uql\">\n<div class=\"kvgmc6g5 cxmmr5t8 oygrvhab hcukyx3x c1et5uql\">Il corso base \u00e8 rivolto a chi vuole compiere <strong>i primi passi nel mondo della fotografia<\/strong>, oppure chi ha gi\u00e0 una buona pratica ma vuole <strong>consolidare i concetti principali<\/strong> ed arricchire la propria <strong>conoscenza a 360\u00b0<\/strong>. Non \u00e8 obbligatorio avere una fotocamera: ne metteremo noi alcune a disposizione.<\/div>\n<\/div>\n<p><span style=\"color: #ff9900;\"><span style=\"color: #000000;\">Il prezzo \u00e8 di 80 euro se ci si iscrive da soli o 70 euro a persona se si \u00e8 in due o pi\u00f9 persone.\u00a0<\/span><\/span><\/p>\n","protected":false},"featured_media":25500,"template":"","meta":{"pmpro_default_level":""},"product_brand":[],"product_cat":[112],"product_tag":[],"class_list":{"0":"post-1782","1":"product","2":"type-product","3":"status-publish","4":"has-post-thumbnail","6":"product_cat-corsi-base","7":"pmpro-has-access","9":"first","10":"instock","11":"virtual","12":"taxable","13":"product-type-simple"},"acf":[],"yoast_head":"<!-- This site is optimized with the Yoast SEO plugin v27.5 - https:\/\/yoast.com\/product\/yoast-seo-wordpress\/ -->\n<title>Treviglio - Corso di fotografia base - \/\/ Mercoled\u00ec 11 marzo 2026 - Digital Camera School - Corsi di fotografia<\/title>\n<meta name=\"robots\" content=\"index, follow, max-snippet:-1, max-image-preview:large, max-video-preview:-1\" \/>\n<link rel=\"canonical\" href=\"https:\/\/www.digitalcameraschool.it\/home\/prodotto\/corso-di-fotografia-base-treviglio\/\" \/>\n<meta property=\"og:locale\" content=\"it_IT\" \/>\n<meta property=\"og:type\" content=\"article\" \/>\n<meta property=\"og:title\" content=\"Treviglio - Corso di fotografia base - \/\/ Mercoled\u00ec 11 marzo 2026 - Digital Camera School - Corsi di fotografia\" \/>\n<meta property=\"og:description\" content=\"Il corso base \u00e8 rivolto a chi vuole compiere i primi passi nel mondo della fotografia, oppure chi ha gi\u00e0 una buona pratica ma vuole consolidare i concetti principali ed arricchire la propria conoscenza a 360\u00b0. Non \u00e8 obbligatorio avere una fotocamera: ne metteremo noi alcune a disposizione.  Il prezzo \u00e8 di 80 euro se ci si iscrive da soli o 70 euro a persona se si \u00e8 in due o pi\u00f9 persone.\u00a0\" \/>\n<meta property=\"og:url\" content=\"https:\/\/www.digitalcameraschool.it\/home\/prodotto\/corso-di-fotografia-base-treviglio\/\" \/>\n<meta property=\"og:site_name\" content=\"Digital Camera School - Corsi di fotografia\" \/>\n<meta property=\"article:publisher\" content=\"https:\/\/www.facebook.com\/digitalcameraschool\" \/>\n<meta property=\"article:modified_time\" content=\"2025-11-11T09:03:51+00:00\" \/>\n<meta property=\"og:image\" content=\"https:\/\/www.digitalcameraschool.it\/home\/wp-content\/uploads\/2022\/03\/treviglio.jpg\" \/>\n\t<meta property=\"og:image:width\" content=\"1200\" \/>\n\t<meta property=\"og:image:height\" content=\"1200\" \/>\n\t<meta property=\"og:image:type\" content=\"image\/jpeg\" \/>\n<meta name=\"twitter:card\" content=\"summary_large_image\" \/>\n<meta name=\"twitter:label1\" content=\"Tempo di lettura stimato\" \/>\n\t<meta name=\"twitter:data1\" content=\"5 minuti\" \/>\n<script type=\"application\/ld+json\" class=\"yoast-schema-graph\">{\"@context\":\"https:\\\/\\\/schema.org\",\"@graph\":[{\"@type\":\"WebPage\",\"@id\":\"https:\\\/\\\/www.digitalcameraschool.it\\\/home\\\/prodotto\\\/corso-di-fotografia-base-treviglio\\\/\",\"url\":\"https:\\\/\\\/www.digitalcameraschool.it\\\/home\\\/prodotto\\\/corso-di-fotografia-base-treviglio\\\/\",\"name\":\"Treviglio - Corso di fotografia base - \\\/\\\/ Mercoled\u00ec 11 marzo 2026 - Digital Camera School - Corsi di fotografia\",\"isPartOf\":{\"@id\":\"https:\\\/\\\/www.digitalcameraschool.it\\\/home\\\/#website\"},\"primaryImageOfPage\":{\"@id\":\"https:\\\/\\\/www.digitalcameraschool.it\\\/home\\\/prodotto\\\/corso-di-fotografia-base-treviglio\\\/#primaryimage\"},\"image\":{\"@id\":\"https:\\\/\\\/www.digitalcameraschool.it\\\/home\\\/prodotto\\\/corso-di-fotografia-base-treviglio\\\/#primaryimage\"},\"thumbnailUrl\":\"https:\\\/\\\/www.digitalcameraschool.it\\\/home\\\/wp-content\\\/uploads\\\/2022\\\/03\\\/treviglio.jpg\",\"datePublished\":\"2021-03-31T08:27:10+00:00\",\"dateModified\":\"2025-11-11T09:03:51+00:00\",\"breadcrumb\":{\"@id\":\"https:\\\/\\\/www.digitalcameraschool.it\\\/home\\\/prodotto\\\/corso-di-fotografia-base-treviglio\\\/#breadcrumb\"},\"inLanguage\":\"it-IT\",\"potentialAction\":[{\"@type\":\"ReadAction\",\"target\":[\"https:\\\/\\\/www.digitalcameraschool.it\\\/home\\\/prodotto\\\/corso-di-fotografia-base-treviglio\\\/\"]}]},{\"@type\":\"ImageObject\",\"inLanguage\":\"it-IT\",\"@id\":\"https:\\\/\\\/www.digitalcameraschool.it\\\/home\\\/prodotto\\\/corso-di-fotografia-base-treviglio\\\/#primaryimage\",\"url\":\"https:\\\/\\\/www.digitalcameraschool.it\\\/home\\\/wp-content\\\/uploads\\\/2022\\\/03\\\/treviglio.jpg\",\"contentUrl\":\"https:\\\/\\\/www.digitalcameraschool.it\\\/home\\\/wp-content\\\/uploads\\\/2022\\\/03\\\/treviglio.jpg\",\"width\":1200,\"height\":1200},{\"@type\":\"BreadcrumbList\",\"@id\":\"https:\\\/\\\/www.digitalcameraschool.it\\\/home\\\/prodotto\\\/corso-di-fotografia-base-treviglio\\\/#breadcrumb\",\"itemListElement\":[{\"@type\":\"ListItem\",\"position\":1,\"name\":\"Home\",\"item\":\"https:\\\/\\\/www.digitalcameraschool.it\\\/home\\\/\"},{\"@type\":\"ListItem\",\"position\":2,\"name\":\"Shop\",\"item\":\"https:\\\/\\\/www.digitalcameraschool.it\\\/home\\\/shop\\\/\"},{\"@type\":\"ListItem\",\"position\":3,\"name\":\"Treviglio &#8211; Corso di fotografia base &#8211; \\\/\\\/ Mercoled\u00ec 11 marzo 2026\"}]},{\"@type\":\"WebSite\",\"@id\":\"https:\\\/\\\/www.digitalcameraschool.it\\\/home\\\/#website\",\"url\":\"https:\\\/\\\/www.digitalcameraschool.it\\\/home\\\/\",\"name\":\"Digital Camera School - Corsi di fotografia\",\"description\":\"Corsi, workshop, viaggi e molto altro!\",\"publisher\":{\"@id\":\"https:\\\/\\\/www.digitalcameraschool.it\\\/home\\\/#organization\"},\"potentialAction\":[{\"@type\":\"SearchAction\",\"target\":{\"@type\":\"EntryPoint\",\"urlTemplate\":\"https:\\\/\\\/www.digitalcameraschool.it\\\/home\\\/?s={search_term_string}\"},\"query-input\":{\"@type\":\"PropertyValueSpecification\",\"valueRequired\":true,\"valueName\":\"search_term_string\"}}],\"inLanguage\":\"it-IT\"},{\"@type\":\"Organization\",\"@id\":\"https:\\\/\\\/www.digitalcameraschool.it\\\/home\\\/#organization\",\"name\":\"Digital Camera School\",\"url\":\"https:\\\/\\\/www.digitalcameraschool.it\\\/home\\\/\",\"logo\":{\"@type\":\"ImageObject\",\"inLanguage\":\"it-IT\",\"@id\":\"https:\\\/\\\/www.digitalcameraschool.it\\\/home\\\/#\\\/schema\\\/logo\\\/image\\\/\",\"url\":\"https:\\\/\\\/www.digitalcameraschool.it\\\/home\\\/wp-content\\\/uploads\\\/2022\\\/05\\\/logo-rotondo-dcs.png\",\"contentUrl\":\"https:\\\/\\\/www.digitalcameraschool.it\\\/home\\\/wp-content\\\/uploads\\\/2022\\\/05\\\/logo-rotondo-dcs.png\",\"width\":500,\"height\":500,\"caption\":\"Digital Camera School\"},\"image\":{\"@id\":\"https:\\\/\\\/www.digitalcameraschool.it\\\/home\\\/#\\\/schema\\\/logo\\\/image\\\/\"},\"sameAs\":[\"https:\\\/\\\/www.facebook.com\\\/digitalcameraschool\",\"https:\\\/\\\/www.instagram.com\\\/digital_camera_school\\\/\",\"https:\\\/\\\/www.youtube.com\\\/c\\\/digitalcameraschool_tv\"]}]}<\/script>\n<!-- \/ Yoast SEO plugin. -->","yoast_head_json":{"title":"Treviglio - Corso di fotografia base - \/\/ Mercoled\u00ec 11 marzo 2026 - Digital Camera School - Corsi di fotografia","robots":{"index":"index","follow":"follow","max-snippet":"max-snippet:-1","max-image-preview":"max-image-preview:large","max-video-preview":"max-video-preview:-1"},"canonical":"https:\/\/www.digitalcameraschool.it\/home\/prodotto\/corso-di-fotografia-base-treviglio\/","og_locale":"it_IT","og_type":"article","og_title":"Treviglio - Corso di fotografia base - \/\/ Mercoled\u00ec 11 marzo 2026 - Digital Camera School - Corsi di fotografia","og_description":"Il corso base \u00e8 rivolto a chi vuole compiere i primi passi nel mondo della fotografia, oppure chi ha gi\u00e0 una buona pratica ma vuole consolidare i concetti principali ed arricchire la propria conoscenza a 360\u00b0. Non \u00e8 obbligatorio avere una fotocamera: ne metteremo noi alcune a disposizione.  Il prezzo \u00e8 di 80 euro se ci si iscrive da soli o 70 euro a persona se si \u00e8 in due o pi\u00f9 persone.\u00a0","og_url":"https:\/\/www.digitalcameraschool.it\/home\/prodotto\/corso-di-fotografia-base-treviglio\/","og_site_name":"Digital Camera School - Corsi di fotografia","article_publisher":"https:\/\/www.facebook.com\/digitalcameraschool","article_modified_time":"2025-11-11T09:03:51+00:00","og_image":[{"width":1200,"height":1200,"url":"https:\/\/www.digitalcameraschool.it\/home\/wp-content\/uploads\/2022\/03\/treviglio.jpg","type":"image\/jpeg"}],"twitter_card":"summary_large_image","twitter_misc":{"Tempo di lettura stimato":"5 minuti"},"schema":{"@context":"https:\/\/schema.org","@graph":[{"@type":"WebPage","@id":"https:\/\/www.digitalcameraschool.it\/home\/prodotto\/corso-di-fotografia-base-treviglio\/","url":"https:\/\/www.digitalcameraschool.it\/home\/prodotto\/corso-di-fotografia-base-treviglio\/","name":"Treviglio - Corso di fotografia base - \/\/ Mercoled\u00ec 11 marzo 2026 - Digital Camera School - Corsi di fotografia","isPartOf":{"@id":"https:\/\/www.digitalcameraschool.it\/home\/#website"},"primaryImageOfPage":{"@id":"https:\/\/www.digitalcameraschool.it\/home\/prodotto\/corso-di-fotografia-base-treviglio\/#primaryimage"},"image":{"@id":"https:\/\/www.digitalcameraschool.it\/home\/prodotto\/corso-di-fotografia-base-treviglio\/#primaryimage"},"thumbnailUrl":"https:\/\/www.digitalcameraschool.it\/home\/wp-content\/uploads\/2022\/03\/treviglio.jpg","datePublished":"2021-03-31T08:27:10+00:00","dateModified":"2025-11-11T09:03:51+00:00","breadcrumb":{"@id":"https:\/\/www.digitalcameraschool.it\/home\/prodotto\/corso-di-fotografia-base-treviglio\/#breadcrumb"},"inLanguage":"it-IT","potentialAction":[{"@type":"ReadAction","target":["https:\/\/www.digitalcameraschool.it\/home\/prodotto\/corso-di-fotografia-base-treviglio\/"]}]},{"@type":"ImageObject","inLanguage":"it-IT","@id":"https:\/\/www.digitalcameraschool.it\/home\/prodotto\/corso-di-fotografia-base-treviglio\/#primaryimage","url":"https:\/\/www.digitalcameraschool.it\/home\/wp-content\/uploads\/2022\/03\/treviglio.jpg","contentUrl":"https:\/\/www.digitalcameraschool.it\/home\/wp-content\/uploads\/2022\/03\/treviglio.jpg","width":1200,"height":1200},{"@type":"BreadcrumbList","@id":"https:\/\/www.digitalcameraschool.it\/home\/prodotto\/corso-di-fotografia-base-treviglio\/#breadcrumb","itemListElement":[{"@type":"ListItem","position":1,"name":"Home","item":"https:\/\/www.digitalcameraschool.it\/home\/"},{"@type":"ListItem","position":2,"name":"Shop","item":"https:\/\/www.digitalcameraschool.it\/home\/shop\/"},{"@type":"ListItem","position":3,"name":"Treviglio &#8211; Corso di fotografia base &#8211; \/\/ Mercoled\u00ec 11 marzo 2026"}]},{"@type":"WebSite","@id":"https:\/\/www.digitalcameraschool.it\/home\/#website","url":"https:\/\/www.digitalcameraschool.it\/home\/","name":"Digital Camera School - Corsi di fotografia","description":"Corsi, workshop, viaggi e molto altro!","publisher":{"@id":"https:\/\/www.digitalcameraschool.it\/home\/#organization"},"potentialAction":[{"@type":"SearchAction","target":{"@type":"EntryPoint","urlTemplate":"https:\/\/www.digitalcameraschool.it\/home\/?s={search_term_string}"},"query-input":{"@type":"PropertyValueSpecification","valueRequired":true,"valueName":"search_term_string"}}],"inLanguage":"it-IT"},{"@type":"Organization","@id":"https:\/\/www.digitalcameraschool.it\/home\/#organization","name":"Digital Camera School","url":"https:\/\/www.digitalcameraschool.it\/home\/","logo":{"@type":"ImageObject","inLanguage":"it-IT","@id":"https:\/\/www.digitalcameraschool.it\/home\/#\/schema\/logo\/image\/","url":"https:\/\/www.digitalcameraschool.it\/home\/wp-content\/uploads\/2022\/05\/logo-rotondo-dcs.png","contentUrl":"https:\/\/www.digitalcameraschool.it\/home\/wp-content\/uploads\/2022\/05\/logo-rotondo-dcs.png","width":500,"height":500,"caption":"Digital Camera School"},"image":{"@id":"https:\/\/www.digitalcameraschool.it\/home\/#\/schema\/logo\/image\/"},"sameAs":["https:\/\/www.facebook.com\/digitalcameraschool","https:\/\/www.instagram.com\/digital_camera_school\/","https:\/\/www.youtube.com\/c\/digitalcameraschool_tv"]}]}},"_links":{"self":[{"href":"https:\/\/www.digitalcameraschool.it\/home\/wp-json\/wp\/v2\/product\/1782","targetHints":{"allow":["GET"]}}],"collection":[{"href":"https:\/\/www.digitalcameraschool.it\/home\/wp-json\/wp\/v2\/product"}],"about":[{"href":"https:\/\/www.digitalcameraschool.it\/home\/wp-json\/wp\/v2\/types\/product"}],"wp:featuredmedia":[{"embeddable":true,"href":"https:\/\/www.digitalcameraschool.it\/home\/wp-json\/wp\/v2\/media\/25500"}],"wp:attachment":[{"href":"https:\/\/www.digitalcameraschool.it\/home\/wp-json\/wp\/v2\/media?parent=1782"}],"wp:term":[{"taxonomy":"product_brand","embeddable":true,"href":"https:\/\/www.digitalcameraschool.it\/home\/wp-json\/wp\/v2\/product_brand?post=1782"},{"taxonomy":"product_cat","embeddable":true,"href":"https:\/\/www.digitalcameraschool.it\/home\/wp-json\/wp\/v2\/product_cat?post=1782"},{"taxonomy":"product_tag","embeddable":true,"href":"https:\/\/www.digitalcameraschool.it\/home\/wp-json\/wp\/v2\/product_tag?post=1782"}],"curies":[{"name":"wp","href":"https:\/\/api.w.org\/{rel}","templated":true}]}}